{"id":9798,"date":"2024-06-14T13:00:15","date_gmt":"2024-06-14T11:00:15","guid":{"rendered":"https:\/\/galatzotrail.com\/galatzo-explorer-12k\/"},"modified":"2025-07-22T09:03:00","modified_gmt":"2025-07-22T07:03:00","slug":"galatzo-explorer-12k","status":"publish","type":"page","link":"https:\/\/galatzotrail.com\/en\/galatzo-explorer-12k\/","title":{"rendered":"Galatz\u00f3 Explorer 12k"},"content":{"rendered":"<section class=\"wpb-content-wrapper\"><p>[vc_row full_width=&#8221;stretch_row&#8221; video_bg=&#8221;yes&#8221; video_bg_url=&#8221;<a href=\"https:\/\/www.youtube.com\/watch?v=yyf89aJQgc4&#038;#8243\" rel=\"nofollow\">https:\/\/www.youtube.com\/watch?v=yyf89aJQgc4&#038;#8243<\/a>; kd_image_overlay_color=&#8221;rgba(0,0,0,0.7)&#8221; kd_image_overlay=&#8221;true&#8221; css=&#8221;.vc_custom_1746688550854{padding-top: 260px !important;padding-bottom: 100px !important;background-image: url(<a href=\"https:\/\/galatzotrail.com\/wp-content\/uploads\/2023\/06\/galatzo-legend-43k-foto-pagina.jpg?id=7600\">https:\/\/galatzotrail.com\/wp-content\/uploads\/2023\/06\/galatzo-legend-43k-foto-pagina.jpg?id=7600<\/a>) !important;}&#8221;][vc_column css=&#8221;.vc_custom_1513003956648{padding-top: 0px !important;}&#8221;][vc_row_inner][vc_column_inner width=&#8221;1\/6&#8243; css=&#8221;.vc_custom_1513004658055{padding-top: 50px !important;padding-left: 0px !important;}&#8221;][\/vc_column_inner][vc_column_inner width=&#8221;2\/3&#8243; css=&#8221;.vc_custom_1513008591637{padding-right: 0px !important;padding-left: 0px !important;}&#8221;]<div class=\"kd-text-rotator kd-rotatorid-69f467e454505 text-center  \"><div class=\"kd-text-rotator-container\"><h2 class=\"rotator-single kd-rotator-item-1 \" style=\" color: #ffffff; font-size: 60px;\">Calvi\u00e0 - Mallorca<\/h2><h2 class=\"rotator-single kd-rotator-item-2 \" style=\" color: #ffffff; font-size: 60px;\">08.03.26<\/h2><h2 class=\"rotator-single kd-rotator-item-3 last\" style=\"transition: all 0.5s 3s; color: #ffffff; font-size: 60px;\">Galatz\u00f3 Explorer 12k<\/h2><\/div><\/div>[vc_btn title=&#8221;12K REGISTRATION&#8221; style=&#8221;custom&#8221; custom_background=&#8221;#814281&#8243; custom_text=&#8221;#ffffff&#8221; shape=&#8221;square&#8221; align=&#8221;center&#8221; i_type=&#8221;pixelicons&#8221; i_icon_pixelicons=&#8221;vc_pixel_icon vc_pixel_icon-play&#8221; add_icon=&#8221;true&#8221; link=&#8221;url:https%3A%2F%2Felitechip.net%2Fgalatzotrail26&#8243;][\/vc_column_inner][vc_column_inner width=&#8221;1\/6&#8243;][\/vc_column_inner][\/vc_row_inner][\/vc_column][\/vc_row][vc_row full_width=&#8221;stretch_row&#8221; parallax=&#8221;content-moving&#8221; css=&#8221;.vc_custom_1686140907121{padding-top: 60px !important;padding-bottom: 25px !important;}&#8221;][vc_column][vc_row_inner][vc_column_inner width=&#8221;1\/3&#8243;]<header class=\"kd-section-title col-lg-12 text-left  kd-animated fadeIn  \" data-animation-delay=200><h3 class=\"separator_off\" style=\"color: #814281;\">RACE INFORMATION<\/h3><\/header>[vc_column_text]- Day: <strong>08 March 2026<\/strong><br \/>\n&#8211; Starting time: <strong>10.30 a.m.<\/strong><br \/>\n&#8211; Starting place:<strong> Plaza de Sa Vinya (Es Capdell\u00e0)<\/strong>[\/vc_column_text][vc_empty_space height=&#8221;12px&#8221;][\/vc_column_inner][vc_column_inner width=&#8221;2\/3&#8243;][vc_column_text]<span style=\"font-weight: 400;\">We are adding a new distance, the<strong> GALATZ\u00d3 EXPLORER<\/strong> (+12 km). This is a route designed for those who are new to mountain races and are looking for an affordable challenge to compete. In addition, the route allows us to get to know the surroundings of the Finca Galatz\u00f3, offering a first trail experience along the paths of the Finca.<\/span>[\/vc_column_text][\/vc_column_inner][\/vc_row_inner][vc_btn title=&#8221;12K REGISTRATION&#8221; style=&#8221;custom&#8221; custom_background=&#8221;#814281&#8243; custom_text=&#8221;#ffffff&#8221; shape=&#8221;square&#8221; align=&#8221;center&#8221; i_type=&#8221;pixelicons&#8221; i_icon_pixelicons=&#8221;vc_pixel_icon vc_pixel_icon-play&#8221; button_block=&#8221;true&#8221; add_icon=&#8221;true&#8221; link=&#8221;url:https%3A%2F%2Felitechip.net%2Fgalatzotrail26&#8243;][\/vc_column][\/vc_row][vc_row full_width=&#8221;stretch_row&#8221; parallax=&#8221;content-moving&#8221; css=&#8221;.vc_custom_1686142402854{padding-top: 20px !important;padding-bottom: 55px !important;}&#8221;][vc_column]<header class=\"kd-section-title col-lg-12 text-left  kd-animated fadeIn  \" data-animation-delay=200><h2 class=\"separator_off\" >THE RACE CIRCUIT<\/h2><\/header>[vc_row_inner][vc_column_inner width=&#8221;1\/3&#8243;][vc_column_text]<span style=\"font-weight: 400;\">The race starts from Sa Vinya square in Es Capdell\u00e0, from there, we run the 2 km that separate us from the entrance to the Galatz\u00f3 Estate, first on asphalt and then on a dirt road. At the estate, follow the GR221 as far as the Ses Planes crossroads. From there, we follow the path towards Es Ratxo, to Coll Pumer\u00e0 cross towards Sa Font Nova. This will be the most demanding part of the route, with a climb (from km 4.5 to km 6.8). Then we start the descent towards Ca l&#8217;amo en Biel, and from there, we leave the Finca towards Es Capdell\u00e0 using the same path as at the entrance.\u00a0 <\/span>[\/vc_column_text][\/vc_column_inner][vc_column_inner width=&#8221;1\/3&#8243;][vc_empty_space height=&#8221;22px&#8221;]<div class=\"key-icon-box icon-default icon-left cont-left ib-no-effect  kd-animated fadeInUp\" style=\"background-color: transparent;\" ><i class=\"iconsmind-Running iconsmind-Sports\" style=\" color: #814281;\"><\/i> <h6 class=\"service-heading\" >12.6 km<\/h6><p >kil\u00f3metros<\/p><\/div>[vc_empty_space height=&#8221;40px&#8221;]<div class=\"key-icon-box icon-default icon-left cont-left ib-no-effect  kd-animated fadeInUp\" style=\"background-color: transparent;\" data-animation-delay=200><i class=\"iconsmind-Bottom-ToTop iconsmind-Arrows\" style=\" color: #814281;\"><\/i> <h6 class=\"service-heading\" >Positive difference in altitude:<\/h6><p >292 m (approximate)<\/p><\/div>[vc_empty_space height=&#8221;40px&#8221;]<div class=\"key-icon-box icon-default icon-left cont-left ib-no-effect  kd-animated fadeInUp\" style=\"background-color: transparent;\" data-animation-delay=400><i class=\"iconsmind-Go-Bottom iconsmind-Arrows\" style=\" color: #814281;\"><\/i> <h6 class=\"service-heading\" >Difference in altitude:<\/h6><p >292 m (approximate)<\/p><\/div>[vc_empty_space height=&#8221;40px&#8221;]<div class=\"key-icon-box icon-default icon-left cont-left ib-no-effect  kd-animated fadeInUp\" style=\"background-color: transparent;\" data-animation-delay=400><i class=\"iconsmind-Sync iconsmind-Arrows\" style=\" color: #814281;\"><\/i> <h6 class=\"service-heading\" >Accumulated difference in altitude:<\/h6><p >584 m (approximate)<\/p><\/div>[\/vc_column_inner][vc_column_inner width=&#8221;1\/3&#8243;]<div class=\"pricing-wrapper\">\n  \t\t\t\t<div class=\"pricing-table active MinimalStyle kd-animated zoomIn\" data-animation-delay=200>\n                    <div class=\"row pricing-title\">\n\t                   <h5 class=\"pricing-title-content\" >EXPLORER - 12KM<\/h5>\n  \t\t\t\t\t<\/div><div class=\"row pricing\"><div class=\"col-lg-3\">\n  \t\t\t\t\t\t\t<div class=\"row\"><span class=\"pricing-price default-plan sale-no\" >\n                                        <span class=\"pt-normal-price\">\n                                            <span class=\"currency\">&#128;<\/span>22-37\n                                        <\/span><\/span><\/span><div class=\"pricing-meta\">\n                         <span class=\"pricing-time default-plan\" >Inscripci\u00f3n + kit de carrera<\/span><\/div>\n                    <\/div>\n      \t\t\t\t\t\t<\/div><div class=\"pricing-options-container MinimalStyle\" ><div class=\"pricing-row\"><span class=\"pricing-value\"><span class=\"pricing-option pricing-opt-check-icon\"><i class=\"fas fa-check\"><\/i><span class=\"pricing-option-text default-plan\"> 22\u20ac (Until 31 August 2024)<\/span><span class=\"pricing-option-text secondary-plan\"> 22\u20ac (Until 31 August 2024)<\/span><\/span><\/span><\/div><div class=\"pricing-row\"><span class=\"pricing-value\"><span class=\"pricing-option pricing-opt-check-icon\"><i class=\"fas fa-check\"><\/i><span class=\"pricing-option-text default-plan\"> 27 \u20ac (from 1 September to 31 December 2024)<\/span><span class=\"pricing-option-text secondary-plan\"> 27 \u20ac (from 1 September to 31 December 2024)<\/span><\/span><\/span><\/div><div class=\"pricing-row\"><span class=\"pricing-value\"><span class=\"pricing-option pricing-opt-check-icon\"><i class=\"fas fa-check\"><\/i><span class=\"pricing-option-text default-plan\"> 32 \u20ac (January and February 2025)<\/span><span class=\"pricing-option-text secondary-plan\"> 32 \u20ac (January and February 2025)<\/span><\/span><\/span><\/div><div class=\"pricing-row\"><span class=\"pricing-value\"><span class=\"pricing-option pricing-opt-check-icon\"><i class=\"fas fa-check\"><\/i><span class=\"pricing-option-text default-plan\"> 37 \u20ac (March 2025)<\/span><span class=\"pricing-option-text secondary-plan\"> 37 \u20ac (March 2025)<\/span><\/span><\/span><\/div><\/div><a href=\"https:\/\/elitechip.net\/galatzotrail26\"  target=\"_self\" class=\"tt_button icon_left tt_primary_button btn_primary_color\"><i class=\"fas fa-angle-double-right iconita\"><\/i><span class=\"prim_text\">INSCRIPCI\u00d3N<\/span><\/a><\/div>\n\t         <\/div><\/div>[\/vc_column_inner][\/vc_row_inner][\/vc_column][\/vc_row][vc_row full_width=&#8221;stretch_row_content_no_spaces&#8221; css=&#8221;.vc_custom_1539612903211{background-color: #f7f7f7 !important;}&#8221;][vc_column width=&#8221;1\/2&#8243; css=&#8221;.vc_custom_1522316929719{padding-top: 0px !important;}&#8221; offset=&#8221;vc_col-lg-6 vc_col-md-12&#8243;][vc_row_inner css=&#8221;.vc_custom_1718354877794{padding-top: 200px !important;padding-bottom: 236px !important;background-image: url(<a href=\"https:\/\/galatzotrail.com\/wp-content\/uploads\/2024\/06\/mapa-galatzo-explorer-12k.png?id=9773\">https:\/\/galatzotrail.com\/wp-content\/uploads\/2024\/06\/mapa-galatzo-explorer-12k.png?id=9773<\/a>) !important;background-position: center !important;background-repeat: no-repeat !important;background-size: cover !important;}&#8221;][vc_column_inner css=&#8221;.vc_custom_1511789291663{padding-top: 0px !important;padding-bottom: 0px !important;}&#8221;][vc_empty_space height=&#8221;320px&#8221;][\/vc_column_inner][\/vc_row_inner][\/vc_column][vc_column width=&#8221;1\/2&#8243; offset=&#8221;vc_col-lg-6 vc_col-md-12&#8243;][vc_row_inner css=&#8221;.vc_custom_1686139854565{padding-top: 30px !important;}&#8221;][vc_column_inner width=&#8221;1\/6&#8243; offset=&#8221;vc_hidden-xs&#8221;][\/vc_column_inner][vc_column_inner width=&#8221;2\/3&#8243; offset=&#8221;vc_col-lg-offset-0 vc_col-md-offset-1 vc_col-sm-offset-1&#8243;]<header class=\"kd-section-title col-lg-12 text-left  kd-animated fadeIn  \" data-animation-delay=200><h2 class=\"separator_off\" >RECORRIDO<\/h2><\/header>[vc_column_text]Route: <span style=\"font-weight: 400;\">Es Capdell\u00e0 &#8211; Cam\u00ed de Galatz\u00f3 (GR221-C) -Crossroad GR221 &#8211; Ca l&#8217;Amo en Biel &#8211; Ratxo &#8211; Coll Pumer\u00e0 &#8211; Sa Font Nova &#8211; Ca l&#8217;Amo en Biel &#8211; Crossroad GR221 &#8211; Cam\u00ed de Galatz\u00f3 (GR221-C) <\/span><b>&#8211; <\/b><span style=\"font-weight: 400;\">Es Capdell\u00e0<\/span><b>&#8211; <\/b><span style=\"font-weight: 400;\">FINISH POINT<\/span>[\/vc_column_text]<div class=\"key-icon-box icon-default icon-left cont-left ib-hover-2  kd-animated fadeInUp\" style=\"background-color: transparent;\" data-animation-delay=400><a href=\"https:\/\/www.alltrails.com\/es\/explore\/map\/mapa-14-de-junio-de-2024-eefc7bf?u=m&amp;sh=dmaf2a\" target=\"\"><div class=\"ib-wrapper\"><i class=\"fas fa-location-arrow\" style=\" color: #814281;\"><\/i> <h6 class=\"service-heading\" >CIRCUITO<\/h6><\/div><\/a><\/div><div class=\"key-icon-box icon-default icon-left cont-left ib-hover-2  kd-animated fadeInUp\" style=\"background-color: transparent;\" ><a href=\"https:\/\/drive.google.com\/file\/d\/1HZgid46HRE7VfIcH1DoauX7hte3DYlmD\/view?usp=sharing\" target=\"\"><div class=\"ib-wrapper\"><i class=\"fas fa-crosshairs\" style=\" color: #814281;\"><\/i> <h6 class=\"service-heading\" >Archivo GPX<\/h6><\/div><\/a><\/div><div class=\"key-icon-box icon-default icon-left cont-left ib-hover-2  kd-animated fadeInUp\" style=\"background-color: transparent;\" data-animation-delay=200><a href=\"https:\/\/drive.google.com\/file\/d\/15UCfO11wtS4EA9jewE2BDqgx2dp18W_l\/view?usp=sharing\" target=\"\"><div class=\"ib-wrapper\"><i class=\"fas fa-map-pin\" style=\" color: #814281;\"><\/i> <h6 class=\"service-heading\" >Archivo KML<\/h6><\/div><\/a><\/div>[\/vc_column_inner][vc_column_inner width=&#8221;1\/6&#8243;][\/vc_column_inner][\/vc_row_inner][vc_empty_space][\/vc_column][\/vc_row][vc_row full_width=&#8221;stretch_row_content_no_spaces&#8221; css=&#8221;.vc_custom_1539612903211{background-color: #f7f7f7 !important;}&#8221;][vc_column width=&#8221;1\/2&#8243; offset=&#8221;vc_col-lg-6 vc_col-md-12&#8243;][vc_row_inner css=&#8221;.vc_custom_1686139854565{padding-top: 30px !important;}&#8221;][vc_column_inner width=&#8221;1\/6&#8243; offset=&#8221;vc_hidden-xs&#8221;][\/vc_column_inner][vc_column_inner width=&#8221;2\/3&#8243; offset=&#8221;vc_col-lg-offset-0 vc_col-md-offset-1 vc_col-sm-offset-1&#8243;]<header class=\"kd-section-title col-lg-12 text-left  kd-animated fadeIn  \" data-animation-delay=200><h2 class=\"separator_off\" >AVITUALLAMIENTOS<\/h2><\/header>[vc_column_text]<\/p>\n<h6 class=\"side-content-subtitle\"><span style=\"font-size: 16px;\">IMPORTANT: remember that there will be no cups at the AID STATIONS. It is compulsory to use your own cup or camelback.<\/span><\/h6>\n<div class=\"side-content-text\">\n<p>We have 2 aids stations on the following points of the track:<\/p>\n<p>Aid station 1: km 6<br \/>\nAid station 4: finish line<\/p>\n<p>Food and drinks will be available for participants at these stops.<\/p><\/div>\n<p>[\/vc_column_text][\/vc_column_inner][vc_column_inner width=&#8221;1\/6&#8243;][\/vc_column_inner][\/vc_row_inner][\/vc_column][vc_column width=&#8221;1\/2&#8243; css=&#8221;.vc_custom_1522316929719{padding-top: 0px !important;}&#8221; offset=&#8221;vc_col-lg-6 vc_col-md-12&#8243;][vc_row_inner css=&#8221;.vc_custom_1718362419454{padding-top: 200px !important;padding-bottom: 236px !important;background-image: url(<a href=\"https:\/\/galatzotrail.com\/wp-content\/uploads\/2023\/06\/avituallamientos-gt.jpeg?id=8346\">https:\/\/galatzotrail.com\/wp-content\/uploads\/2023\/06\/avituallamientos-gt.jpeg?id=8346<\/a>) !important;background-position: center !important;background-repeat: no-repeat !important;background-size: cover !important;}&#8221;][vc_column_inner css=&#8221;.vc_custom_1511789291663{padding-top: 0px !important;padding-bottom: 0px !important;}&#8221;][vc_empty_space height=&#8221;320px&#8221;][\/vc_column_inner][\/vc_row_inner][\/vc_column][\/vc_row][vc_row full_width=&#8221;stretch_row&#8221;][vc_column css=&#8221;.vc_custom_1516029502203{padding-right: 0px !important;padding-left: 0px !important;}&#8221;][vc_empty_space][vc_row_inner][vc_column_inner]<header class=\"kd-section-title vc_col-lg-6 vc_col-sm-8 text-center  kd-animated fadeIn   vc_custom_1687516287054\" data-animation-delay=200><h2 class=\"separator_off\" >Opiniones Galatz\u00f3 Trail<\/h2><h6 class=\"subtitle \" >Lee los testimonios de nuestros atletas<\/h6><\/header>[\/vc_column_inner][\/vc_row_inner][vc_row_inner css=&#8221;.vc_custom_1555677559901{padding-bottom: 85px !important;}&#8221;][vc_column_inner css=&#8221;.vc_custom_1516029494833{padding-right: 0px !important;padding-left: 0px !important;}&#8221;]\r\n                <div class=\"review-carousel rc-parent kd-rwc-69f467e454f67 black-navigation nav-arrows\">\r\n                    <div class=\"rc-content\">\r\n                <div class=\"key-reviews  \"  ><div class=\"rw-author-details\"><div class=\"rw_img_wrapper\">\r\n                            <div class=\"rw-authorimg\"><img decoding=\"async\" width=\"744\" height=\"726\" src=\"https:\/\/i0.wp.com\/galatzotrail.com\/wp-content\/uploads\/2023\/06\/hombre.png?fit=744%2C726&amp;ssl=1\" class=\"attachment-full\" alt=\"\" title=\"hombre\" srcset=\"https:\/\/i0.wp.com\/galatzotrail.com\/wp-content\/uploads\/2023\/06\/hombre.png?w=744&amp;ssl=1 744w, https:\/\/i0.wp.com\/galatzotrail.com\/wp-content\/uploads\/2023\/06\/hombre.png?resize=300%2C293&amp;ssl=1 300w\" sizes=\"(max-width: 744px) 100vw, 744px\" data-attachment-id=\"8658\" data-permalink=\"https:\/\/galatzotrail.com\/en\/hombre-2\/\" data-orig-file=\"https:\/\/i0.wp.com\/galatzotrail.com\/wp-content\/uploads\/2023\/06\/hombre.png?fit=744%2C726&amp;ssl=1\" data-orig-size=\"744,726\" data-comments-opened=\"1\" data-image-meta=\"{&quot;aperture&quot;:&quot;0&quot;,&quot;credit&quot;:&quot;&quot;,&quot;camera&quot;:&quot;&quot;,&quot;caption&quot;:&quot;&quot;,&quot;created_timestamp&quot;:&quot;0&quot;,&quot;copyright&quot;:&quot;&quot;,&quot;focal_length&quot;:&quot;0&quot;,&quot;iso&quot;:&quot;0&quot;,&quot;shutter_speed&quot;:&quot;0&quot;,&quot;title&quot;:&quot;&quot;,&quot;orientation&quot;:&quot;0&quot;}\" data-image-title=\"hombre\" data-image-description=\"\" data-image-caption=\"\" data-large-file=\"https:\/\/i0.wp.com\/galatzotrail.com\/wp-content\/uploads\/2023\/06\/hombre.png?fit=744%2C726&amp;ssl=1\" \/><\/div>\r\n                        <\/div><h5 >Marcin<\/h5>\r\n                      <p >Galatz\u00f3 Trail<\/p>\r\n                    <\/div><div class=\"rw_message\" >Very well organized race in the most stunning location as well as great views Everything was super professional prepared !!!!<\/div><div class=\"rw_rating\">\r\n                         <span class=\"fa fa-star\" ><\/span><span class=\"fa fa-star\" ><\/span><span class=\"fa fa-star\" ><\/span><span class=\"fa fa-star\" ><\/span><span class=\"fa fa-star\" ><\/span>\r\n                      <\/div><\/div>\r\n                <div class=\"key-reviews  \"  ><div class=\"rw-author-details\"><div class=\"rw_img_wrapper\">\r\n                            <div class=\"rw-authorimg\"><img decoding=\"async\" width=\"744\" height=\"726\" src=\"https:\/\/i0.wp.com\/galatzotrail.com\/wp-content\/uploads\/2023\/06\/mujer.png?fit=744%2C726&amp;ssl=1\" class=\"attachment-full\" alt=\"\" title=\"mujer\" srcset=\"https:\/\/i0.wp.com\/galatzotrail.com\/wp-content\/uploads\/2023\/06\/mujer.png?w=744&amp;ssl=1 744w, https:\/\/i0.wp.com\/galatzotrail.com\/wp-content\/uploads\/2023\/06\/mujer.png?resize=300%2C293&amp;ssl=1 300w\" sizes=\"(max-width: 744px) 100vw, 744px\" data-attachment-id=\"8660\" data-permalink=\"https:\/\/galatzotrail.com\/en\/mujer-2\/\" data-orig-file=\"https:\/\/i0.wp.com\/galatzotrail.com\/wp-content\/uploads\/2023\/06\/mujer.png?fit=744%2C726&amp;ssl=1\" data-orig-size=\"744,726\" data-comments-opened=\"1\" data-image-meta=\"{&quot;aperture&quot;:&quot;0&quot;,&quot;credit&quot;:&quot;&quot;,&quot;camera&quot;:&quot;&quot;,&quot;caption&quot;:&quot;&quot;,&quot;created_timestamp&quot;:&quot;0&quot;,&quot;copyright&quot;:&quot;&quot;,&quot;focal_length&quot;:&quot;0&quot;,&quot;iso&quot;:&quot;0&quot;,&quot;shutter_speed&quot;:&quot;0&quot;,&quot;title&quot;:&quot;&quot;,&quot;orientation&quot;:&quot;0&quot;}\" data-image-title=\"mujer\" data-image-description=\"\" data-image-caption=\"\" data-large-file=\"https:\/\/i0.wp.com\/galatzotrail.com\/wp-content\/uploads\/2023\/06\/mujer.png?fit=744%2C726&amp;ssl=1\" \/><\/div>\r\n                        <\/div><h5 >Maria Carmen<\/h5>\r\n                      <p >Galatz\u00f3 Trail<\/p>\r\n                    <\/div><div class=\"rw_message\" >pues recomiendo su recorrido es muy bonito y la organizaci\u00f3n espectacular a parte de todo eso la historia de Galatzo es preciosa deber\u00edan de venir a verla.<br \/>\nTodos a Mallorca.<\/div><div class=\"rw_rating\">\r\n                         <span class=\"fa fa-star\" ><\/span><span class=\"fa fa-star\" ><\/span><span class=\"fa fa-star\" ><\/span><span class=\"fa fa-star\" ><\/span><span class=\"fa fa-star\" ><\/span>\r\n                      <\/div><\/div>\r\n                <div class=\"key-reviews  \"  ><div class=\"rw-author-details\"><div class=\"rw_img_wrapper\">\r\n                            <div class=\"rw-authorimg\"><img decoding=\"async\" width=\"744\" height=\"726\" src=\"https:\/\/i0.wp.com\/galatzotrail.com\/wp-content\/uploads\/2023\/06\/hombre.png?fit=744%2C726&amp;ssl=1\" class=\"attachment-full\" alt=\"\" title=\"hombre\" srcset=\"https:\/\/i0.wp.com\/galatzotrail.com\/wp-content\/uploads\/2023\/06\/hombre.png?w=744&amp;ssl=1 744w, https:\/\/i0.wp.com\/galatzotrail.com\/wp-content\/uploads\/2023\/06\/hombre.png?resize=300%2C293&amp;ssl=1 300w\" sizes=\"(max-width: 744px) 100vw, 744px\" data-attachment-id=\"8658\" data-permalink=\"https:\/\/galatzotrail.com\/en\/hombre-2\/\" data-orig-file=\"https:\/\/i0.wp.com\/galatzotrail.com\/wp-content\/uploads\/2023\/06\/hombre.png?fit=744%2C726&amp;ssl=1\" data-orig-size=\"744,726\" data-comments-opened=\"1\" data-image-meta=\"{&quot;aperture&quot;:&quot;0&quot;,&quot;credit&quot;:&quot;&quot;,&quot;camera&quot;:&quot;&quot;,&quot;caption&quot;:&quot;&quot;,&quot;created_timestamp&quot;:&quot;0&quot;,&quot;copyright&quot;:&quot;&quot;,&quot;focal_length&quot;:&quot;0&quot;,&quot;iso&quot;:&quot;0&quot;,&quot;shutter_speed&quot;:&quot;0&quot;,&quot;title&quot;:&quot;&quot;,&quot;orientation&quot;:&quot;0&quot;}\" data-image-title=\"hombre\" data-image-description=\"\" data-image-caption=\"\" data-large-file=\"https:\/\/i0.wp.com\/galatzotrail.com\/wp-content\/uploads\/2023\/06\/hombre.png?fit=744%2C726&amp;ssl=1\" \/><\/div>\r\n                        <\/div><h5 >Honor<\/h5>\r\n                      <p >Galatz\u00f3 Trail<\/p>\r\n                    <\/div><div class=\"rw_message\" >Beautiful scenery in the heart of Mallorca, lovely walking trail not too difficult even for amateurs<\/div><div class=\"rw_rating\">\r\n                         <span class=\"fa fa-star\" ><\/span><span class=\"fa fa-star\" ><\/span><span class=\"fa fa-star\" ><\/span><span class=\"fa fa-star\" ><\/span><span class=\"fa fa-star\" ><\/span>\r\n                      <\/div><\/div>\r\n                <div class=\"key-reviews  \"  ><div class=\"rw-author-details\"><div class=\"rw_img_wrapper\">\r\n                            <div class=\"rw-authorimg\"><img decoding=\"async\" width=\"744\" height=\"726\" src=\"https:\/\/i0.wp.com\/galatzotrail.com\/wp-content\/uploads\/2023\/06\/hombre.png?fit=744%2C726&amp;ssl=1\" class=\"attachment-full\" alt=\"\" title=\"hombre\" srcset=\"https:\/\/i0.wp.com\/galatzotrail.com\/wp-content\/uploads\/2023\/06\/hombre.png?w=744&amp;ssl=1 744w, https:\/\/i0.wp.com\/galatzotrail.com\/wp-content\/uploads\/2023\/06\/hombre.png?resize=300%2C293&amp;ssl=1 300w\" sizes=\"(max-width: 744px) 100vw, 744px\" data-attachment-id=\"8658\" data-permalink=\"https:\/\/galatzotrail.com\/en\/hombre-2\/\" data-orig-file=\"https:\/\/i0.wp.com\/galatzotrail.com\/wp-content\/uploads\/2023\/06\/hombre.png?fit=744%2C726&amp;ssl=1\" data-orig-size=\"744,726\" data-comments-opened=\"1\" data-image-meta=\"{&quot;aperture&quot;:&quot;0&quot;,&quot;credit&quot;:&quot;&quot;,&quot;camera&quot;:&quot;&quot;,&quot;caption&quot;:&quot;&quot;,&quot;created_timestamp&quot;:&quot;0&quot;,&quot;copyright&quot;:&quot;&quot;,&quot;focal_length&quot;:&quot;0&quot;,&quot;iso&quot;:&quot;0&quot;,&quot;shutter_speed&quot;:&quot;0&quot;,&quot;title&quot;:&quot;&quot;,&quot;orientation&quot;:&quot;0&quot;}\" data-image-title=\"hombre\" data-image-description=\"\" data-image-caption=\"\" data-large-file=\"https:\/\/i0.wp.com\/galatzotrail.com\/wp-content\/uploads\/2023\/06\/hombre.png?fit=744%2C726&amp;ssl=1\" \/><\/div>\r\n                        <\/div><h5 >Luis Fernandez<\/h5>\r\n                      <p >Galatz\u00f3 Trail<\/p>\r\n                    <\/div><div class=\"rw_message\" >Ha sido mi primera carrera, mi primera medalla, mi primera camiseta de finalista, mi primer gel, mi primer dolor de despu\u00e9s. Un placer todo...!<\/div><div class=\"rw_rating\">\r\n                         <span class=\"fa fa-star\" ><\/span><span class=\"fa fa-star\" ><\/span><span class=\"fa fa-star\" ><\/span><span class=\"fa fa-star\" ><\/span><span class=\"fa fa-star\" ><\/span>\r\n                      <\/div><\/div>\r\n                <div class=\"key-reviews  \"  ><div class=\"rw-author-details\"><div class=\"rw_img_wrapper\">\r\n                            <div class=\"rw-authorimg\"><img decoding=\"async\" width=\"744\" height=\"726\" src=\"https:\/\/i0.wp.com\/galatzotrail.com\/wp-content\/uploads\/2023\/06\/hombre.png?fit=744%2C726&amp;ssl=1\" class=\"attachment-full\" alt=\"\" title=\"hombre\" srcset=\"https:\/\/i0.wp.com\/galatzotrail.com\/wp-content\/uploads\/2023\/06\/hombre.png?w=744&amp;ssl=1 744w, https:\/\/i0.wp.com\/galatzotrail.com\/wp-content\/uploads\/2023\/06\/hombre.png?resize=300%2C293&amp;ssl=1 300w\" sizes=\"(max-width: 744px) 100vw, 744px\" data-attachment-id=\"8658\" data-permalink=\"https:\/\/galatzotrail.com\/en\/hombre-2\/\" data-orig-file=\"https:\/\/i0.wp.com\/galatzotrail.com\/wp-content\/uploads\/2023\/06\/hombre.png?fit=744%2C726&amp;ssl=1\" data-orig-size=\"744,726\" data-comments-opened=\"1\" data-image-meta=\"{&quot;aperture&quot;:&quot;0&quot;,&quot;credit&quot;:&quot;&quot;,&quot;camera&quot;:&quot;&quot;,&quot;caption&quot;:&quot;&quot;,&quot;created_timestamp&quot;:&quot;0&quot;,&quot;copyright&quot;:&quot;&quot;,&quot;focal_length&quot;:&quot;0&quot;,&quot;iso&quot;:&quot;0&quot;,&quot;shutter_speed&quot;:&quot;0&quot;,&quot;title&quot;:&quot;&quot;,&quot;orientation&quot;:&quot;0&quot;}\" data-image-title=\"hombre\" data-image-description=\"\" data-image-caption=\"\" data-large-file=\"https:\/\/i0.wp.com\/galatzotrail.com\/wp-content\/uploads\/2023\/06\/hombre.png?fit=744%2C726&amp;ssl=1\" \/><\/div>\r\n                        <\/div><h5 >Kevin<\/h5>\r\n                      <p >Galatz\u00f3 Trail<\/p>\r\n                    <\/div><div class=\"rw_message\" >Amazing event and fantastic people. loved it!!<\/div><div class=\"rw_rating\">\r\n                         <span class=\"fa fa-star\" ><\/span><span class=\"fa fa-star\" ><\/span><span class=\"fa fa-star\" ><\/span><span class=\"fa fa-star\" ><\/span><span class=\"fa fa-star\" ><\/span>\r\n                      <\/div><\/div>\r\n                <div class=\"key-reviews  \"  ><div class=\"rw-author-details\"><div class=\"rw_img_wrapper\">\r\n                            <div class=\"rw-authorimg\"><img decoding=\"async\" width=\"744\" height=\"726\" src=\"https:\/\/i0.wp.com\/galatzotrail.com\/wp-content\/uploads\/2023\/06\/mujer.png?fit=744%2C726&amp;ssl=1\" class=\"attachment-full\" alt=\"\" title=\"mujer\" srcset=\"https:\/\/i0.wp.com\/galatzotrail.com\/wp-content\/uploads\/2023\/06\/mujer.png?w=744&amp;ssl=1 744w, https:\/\/i0.wp.com\/galatzotrail.com\/wp-content\/uploads\/2023\/06\/mujer.png?resize=300%2C293&amp;ssl=1 300w\" sizes=\"(max-width: 744px) 100vw, 744px\" data-attachment-id=\"8660\" data-permalink=\"https:\/\/galatzotrail.com\/en\/mujer-2\/\" data-orig-file=\"https:\/\/i0.wp.com\/galatzotrail.com\/wp-content\/uploads\/2023\/06\/mujer.png?fit=744%2C726&amp;ssl=1\" data-orig-size=\"744,726\" data-comments-opened=\"1\" data-image-meta=\"{&quot;aperture&quot;:&quot;0&quot;,&quot;credit&quot;:&quot;&quot;,&quot;camera&quot;:&quot;&quot;,&quot;caption&quot;:&quot;&quot;,&quot;created_timestamp&quot;:&quot;0&quot;,&quot;copyright&quot;:&quot;&quot;,&quot;focal_length&quot;:&quot;0&quot;,&quot;iso&quot;:&quot;0&quot;,&quot;shutter_speed&quot;:&quot;0&quot;,&quot;title&quot;:&quot;&quot;,&quot;orientation&quot;:&quot;0&quot;}\" data-image-title=\"mujer\" data-image-description=\"\" data-image-caption=\"\" data-large-file=\"https:\/\/i0.wp.com\/galatzotrail.com\/wp-content\/uploads\/2023\/06\/mujer.png?fit=744%2C726&amp;ssl=1\" \/><\/div>\r\n                        <\/div><h5 >Maria<\/h5>\r\n                      <p >Galatz\u00f3 Trail<\/p>\r\n                    <\/div><div class=\"rw_message\" >es espectacular y emocionante a quien le guste la monta\u00f1a<\/div><div class=\"rw_rating\">\r\n                         <span class=\"fa fa-star\" ><\/span><span class=\"fa fa-star\" ><\/span><span class=\"fa fa-star\" ><\/span><span class=\"fa fa-star\" ><\/span><span class=\"fa fa-star\" ><\/span>\r\n                      <\/div><\/div>\r\n                <div class=\"key-reviews  \"  ><div class=\"rw-author-details\"><div class=\"rw_img_wrapper\">\r\n                            <div class=\"rw-authorimg\"><img decoding=\"async\" width=\"744\" height=\"726\" src=\"https:\/\/i0.wp.com\/galatzotrail.com\/wp-content\/uploads\/2023\/06\/hombre.png?fit=744%2C726&amp;ssl=1\" class=\"attachment-full\" alt=\"\" title=\"hombre\" srcset=\"https:\/\/i0.wp.com\/galatzotrail.com\/wp-content\/uploads\/2023\/06\/hombre.png?w=744&amp;ssl=1 744w, https:\/\/i0.wp.com\/galatzotrail.com\/wp-content\/uploads\/2023\/06\/hombre.png?resize=300%2C293&amp;ssl=1 300w\" sizes=\"(max-width: 744px) 100vw, 744px\" data-attachment-id=\"8658\" data-permalink=\"https:\/\/galatzotrail.com\/en\/hombre-2\/\" data-orig-file=\"https:\/\/i0.wp.com\/galatzotrail.com\/wp-content\/uploads\/2023\/06\/hombre.png?fit=744%2C726&amp;ssl=1\" data-orig-size=\"744,726\" data-comments-opened=\"1\" data-image-meta=\"{&quot;aperture&quot;:&quot;0&quot;,&quot;credit&quot;:&quot;&quot;,&quot;camera&quot;:&quot;&quot;,&quot;caption&quot;:&quot;&quot;,&quot;created_timestamp&quot;:&quot;0&quot;,&quot;copyright&quot;:&quot;&quot;,&quot;focal_length&quot;:&quot;0&quot;,&quot;iso&quot;:&quot;0&quot;,&quot;shutter_speed&quot;:&quot;0&quot;,&quot;title&quot;:&quot;&quot;,&quot;orientation&quot;:&quot;0&quot;}\" data-image-title=\"hombre\" data-image-description=\"\" data-image-caption=\"\" data-large-file=\"https:\/\/i0.wp.com\/galatzotrail.com\/wp-content\/uploads\/2023\/06\/hombre.png?fit=744%2C726&amp;ssl=1\" \/><\/div>\r\n                        <\/div><h5 >Car<\/h5>\r\n                      <p >Galatz\u00f3 Trail<\/p>\r\n                    <\/div><div class=\"rw_message\" >... anspruchsvoll, begeisterung, sch\u00f6ne Strecke. Herzlich Willkommen zu Hause ...<\/div><div class=\"rw_rating\">\r\n                         <span class=\"fa fa-star\" ><\/span><span class=\"fa fa-star\" ><\/span><span class=\"fa fa-star\" ><\/span><span class=\"fa fa-star\" ><\/span><span class=\"fa fa-star\" ><\/span>\r\n                      <\/div><\/div>\r\n                <div class=\"key-reviews  \"  ><div class=\"rw-author-details\"><div class=\"rw_img_wrapper\">\r\n                            <div class=\"rw-authorimg\"><img decoding=\"async\" width=\"744\" height=\"726\" src=\"https:\/\/i0.wp.com\/galatzotrail.com\/wp-content\/uploads\/2023\/06\/mujer.png?fit=744%2C726&amp;ssl=1\" class=\"attachment-full\" alt=\"\" title=\"mujer\" srcset=\"https:\/\/i0.wp.com\/galatzotrail.com\/wp-content\/uploads\/2023\/06\/mujer.png?w=744&amp;ssl=1 744w, https:\/\/i0.wp.com\/galatzotrail.com\/wp-content\/uploads\/2023\/06\/mujer.png?resize=300%2C293&amp;ssl=1 300w\" sizes=\"(max-width: 744px) 100vw, 744px\" data-attachment-id=\"8660\" data-permalink=\"https:\/\/galatzotrail.com\/en\/mujer-2\/\" data-orig-file=\"https:\/\/i0.wp.com\/galatzotrail.com\/wp-content\/uploads\/2023\/06\/mujer.png?fit=744%2C726&amp;ssl=1\" data-orig-size=\"744,726\" data-comments-opened=\"1\" data-image-meta=\"{&quot;aperture&quot;:&quot;0&quot;,&quot;credit&quot;:&quot;&quot;,&quot;camera&quot;:&quot;&quot;,&quot;caption&quot;:&quot;&quot;,&quot;created_timestamp&quot;:&quot;0&quot;,&quot;copyright&quot;:&quot;&quot;,&quot;focal_length&quot;:&quot;0&quot;,&quot;iso&quot;:&quot;0&quot;,&quot;shutter_speed&quot;:&quot;0&quot;,&quot;title&quot;:&quot;&quot;,&quot;orientation&quot;:&quot;0&quot;}\" data-image-title=\"mujer\" data-image-description=\"\" data-image-caption=\"\" data-large-file=\"https:\/\/i0.wp.com\/galatzotrail.com\/wp-content\/uploads\/2023\/06\/mujer.png?fit=744%2C726&amp;ssl=1\" \/><\/div>\r\n                        <\/div><h5 >Katrin<\/h5>\r\n                      <p >Galatz\u00f3 Trail<\/p>\r\n                    <\/div><div class=\"rw_message\" >Amazing Trail \ud83d\ude42 love the legend<\/div><div class=\"rw_rating\">\r\n                         <span class=\"fa fa-star\" ><\/span><span class=\"fa fa-star\" ><\/span><span class=\"fa fa-star\" ><\/span><span class=\"fa fa-star\" ><\/span><span class=\"fa fa-star\" ><\/span>\r\n                      <\/div><\/div><\/div>\r\n                <\/div><script type=\"text\/javascript\">\r\n          \t\t\t\tjQuery(document).ready(function($){\r\n                    if ($(\".review-carousel.kd-rwc-69f467e454f67 .rc-content\").length) {\r\n                      $(\".review-carousel.kd-rwc-69f467e454f67 .rc-content\").owlCarousel({\r\n                        stageClass: \"owl-wrapper\",\r\n                        stageOuterClass: \"owl-wrapper-outer\",\r\n                        loadedClass: \"owl-carousel\",\r\n                        responsive:{\r\n                            0:{\r\n                                items:1,\r\n                                dots: false,\r\n                                nav: true,\r\n                                navSpeed: 500,\r\n                            },\r\n                            768:{\r\n                                items:2,\r\n                            },\r\n                            1024:{\r\n                                items:3,\r\n                            },\r\n                            1366:{nav: true,\r\n                                  navSpeed: 500,\r\n                                  dots: false,}\r\n                        },loop: true,rewind: true,\r\n                        addClassActive: true,\r\n                      });\r\n                    }\r\n          \t\t\t\t});\r\n          \t\t\t<\/script>[\/vc_column_inner][\/vc_row_inner][vc_btn title=&#8221;12K REGISTRATION&#8221; style=&#8221;custom&#8221; custom_background=&#8221;#814281&#8243; custom_text=&#8221;#ffffff&#8221; shape=&#8221;square&#8221; align=&#8221;center&#8221; i_type=&#8221;pixelicons&#8221; i_icon_pixelicons=&#8221;vc_pixel_icon vc_pixel_icon-play&#8221; add_icon=&#8221;true&#8221; link=&#8221;url:https%3A%2F%2Felitechip.net%2Fgalatzotrail26&#8243;][vc_empty_space height=&#8221;12px&#8221;][\/vc_column][\/vc_row]<\/p>\n<\/section>","protected":false},"excerpt":{"rendered":"<p>[vc_row full_width=&#8221;stretch_row&#8221; video_bg=&#8221;yes&#8221; video_bg_url=&#8221;<a href=\"https:\/\/www.youtube.com\/watch?v=yyf89aJQgc4&#038;#8243\" rel=\"nofollow\">https:\/\/www.youtube.com\/watch?v=yyf89aJQgc4&#038;#8243<\/a>; kd_image_overlay_color=&#8221;rgba(0,0,0,0.7)&#8221; kd_image_overlay=&#8221;true&#8221; css=&#8221;.vc_custom_1746688550854{padding-top: 260px !important;padding-bottom: 100px !important;background-image: url(<a href=\"https:\/\/galatzotrail.com\/wp-content\/uploads\/2023\/06\/galatzo-legend-43k-foto-pagina.jpg?id=7600\">https:\/\/galatzotrail.com\/wp-content\/uploads\/2023\/06\/galatzo-legend-43k-foto-pagina.jpg?id=7600<\/a>) !important;}&#8221;][vc_column css=&#8221;.vc_custom_1513003956648{padding-top: 0px !important;}&#8221;][vc_row_inner][vc_column_inner width=&#8221;1\/6&#8243; css=&#8221;.vc_custom_1513004658055{padding-top: 50px !important;padding-left: [&hellip;]<\/p>\n","protected":false},"author":235573868,"featured_media":9787,"parent":0,"menu_order":0,"comment_status":"closed","ping_status":"closed","template":"","meta":{"_crdt_document":"","footnotes":""},"class_list":["post-9798","page","type-page","status-publish","has-post-thumbnail","hentry"],"yoast_head":"<!-- This site is optimized with the Yoast SEO plugin v27.5 - https:\/\/yoast.com\/product\/yoast-seo-wordpress\/ -->\n<title>Galatz\u00f3 Explorer 12k Calvi\u00e0 Mallorca<\/title>\n<meta name=\"description\" content=\"Galatz\u00f3 Explorer 12k, Day: 09 March 2025, Departure time: 10.30 am, Departure location: Plaza de Sa Vinya (Es Capdell\u00e0)\" \/>\n<meta name=\"robots\" content=\"index, follow, max-snippet:-1, max-image-preview:large, max-video-preview:-1\" \/>\n<link rel=\"canonical\" href=\"https:\/\/galatzotrail.com\/en\/galatzo-explorer-12k\/\" \/>\n<meta property=\"og:locale\" content=\"en_US\" \/>\n<meta property=\"og:type\" content=\"article\" \/>\n<meta property=\"og:title\" content=\"Galatz\u00f3 Explorer 12k Calvi\u00e0 Mallorca\" \/>\n<meta property=\"og:description\" content=\"Galatz\u00f3 Explorer 12k, Day: 09 March 2025, Departure time: 10.30 am, Departure location: Plaza de Sa Vinya (Es Capdell\u00e0)\" \/>\n<meta property=\"og:url\" content=\"https:\/\/galatzotrail.com\/en\/galatzo-explorer-12k\/\" \/>\n<meta property=\"og:site_name\" content=\"Galatz\u00f3 Trail\" \/>\n<meta property=\"article:publisher\" content=\"https:\/\/www.facebook.com\/galatzotrail\/\" \/>\n<meta property=\"article:modified_time\" content=\"2025-07-22T07:03:00+00:00\" \/>\n<meta property=\"og:image\" content=\"https:\/\/galatzotrail.com\/wp-content\/uploads\/2024\/06\/gtexplorer.png\" \/>\n\t<meta property=\"og:image:width\" content=\"1000\" \/>\n\t<meta property=\"og:image:height\" content=\"1000\" \/>\n\t<meta property=\"og:image:type\" content=\"image\/png\" \/>\n<meta name=\"twitter:card\" content=\"summary_large_image\" \/>\n<meta name=\"twitter:label1\" content=\"Est. reading time\" \/>\n\t<meta name=\"twitter:data1\" content=\"5 minutes\" \/>\n<script type=\"application\/ld+json\" class=\"yoast-schema-graph\">{\"@context\":\"https:\\\/\\\/schema.org\",\"@graph\":[{\"@type\":\"WebPage\",\"@id\":\"https:\\\/\\\/galatzotrail.com\\\/en\\\/galatzo-explorer-12k\\\/\",\"url\":\"https:\\\/\\\/galatzotrail.com\\\/en\\\/galatzo-explorer-12k\\\/\",\"name\":\"Galatz\u00f3 Explorer 12k Calvi\u00e0 Mallorca\",\"isPartOf\":{\"@id\":\"https:\\\/\\\/galatzotrail.com\\\/en\\\/#website\"},\"primaryImageOfPage\":{\"@id\":\"https:\\\/\\\/galatzotrail.com\\\/en\\\/galatzo-explorer-12k\\\/#primaryimage\"},\"image\":{\"@id\":\"https:\\\/\\\/galatzotrail.com\\\/en\\\/galatzo-explorer-12k\\\/#primaryimage\"},\"thumbnailUrl\":\"https:\\\/\\\/i0.wp.com\\\/galatzotrail.com\\\/wp-content\\\/uploads\\\/2024\\\/06\\\/gtexplorer.png?fit=1000%2C1000&ssl=1\",\"datePublished\":\"2024-06-14T11:00:15+00:00\",\"dateModified\":\"2025-07-22T07:03:00+00:00\",\"description\":\"Galatz\u00f3 Explorer 12k, Day: 09 March 2025, Departure time: 10.30 am, Departure location: Plaza de Sa Vinya (Es Capdell\u00e0)\",\"breadcrumb\":{\"@id\":\"https:\\\/\\\/galatzotrail.com\\\/en\\\/galatzo-explorer-12k\\\/#breadcrumb\"},\"inLanguage\":\"en-US\",\"potentialAction\":[{\"@type\":\"ReadAction\",\"target\":[\"https:\\\/\\\/galatzotrail.com\\\/en\\\/galatzo-explorer-12k\\\/\"]}]},{\"@type\":\"ImageObject\",\"inLanguage\":\"en-US\",\"@id\":\"https:\\\/\\\/galatzotrail.com\\\/en\\\/galatzo-explorer-12k\\\/#primaryimage\",\"url\":\"https:\\\/\\\/i0.wp.com\\\/galatzotrail.com\\\/wp-content\\\/uploads\\\/2024\\\/06\\\/gtexplorer.png?fit=1000%2C1000&ssl=1\",\"contentUrl\":\"https:\\\/\\\/i0.wp.com\\\/galatzotrail.com\\\/wp-content\\\/uploads\\\/2024\\\/06\\\/gtexplorer.png?fit=1000%2C1000&ssl=1\",\"width\":1000,\"height\":1000},{\"@type\":\"BreadcrumbList\",\"@id\":\"https:\\\/\\\/galatzotrail.com\\\/en\\\/galatzo-explorer-12k\\\/#breadcrumb\",\"itemListElement\":[{\"@type\":\"ListItem\",\"position\":1,\"name\":\"Portada\",\"item\":\"https:\\\/\\\/galatzotrail.com\\\/en\\\/\"},{\"@type\":\"ListItem\",\"position\":2,\"name\":\"Galatz\u00f3 Explorer 12k\"}]},{\"@type\":\"WebSite\",\"@id\":\"https:\\\/\\\/galatzotrail.com\\\/en\\\/#website\",\"url\":\"https:\\\/\\\/galatzotrail.com\\\/en\\\/\",\"name\":\"Galatz\u00f3 Trail\",\"description\":\"Mallorca Trail Mountain Marathon. 43 o 23 km de puro trail running en una de las monta\u00f1as m\u00e1s m\u00edticas de Mallorca: el puig de Galatz\u00f3, en Calvi\u00e0.\",\"publisher\":{\"@id\":\"https:\\\/\\\/galatzotrail.com\\\/en\\\/#organization\"},\"potentialAction\":[{\"@type\":\"SearchAction\",\"target\":{\"@type\":\"EntryPoint\",\"urlTemplate\":\"https:\\\/\\\/galatzotrail.com\\\/en\\\/?s={search_term_string}\"},\"query-input\":{\"@type\":\"PropertyValueSpecification\",\"valueRequired\":true,\"valueName\":\"search_term_string\"}}],\"inLanguage\":\"en-US\"},{\"@type\":\"Organization\",\"@id\":\"https:\\\/\\\/galatzotrail.com\\\/en\\\/#organization\",\"name\":\"Galatz\u00f3 Trail\",\"alternateName\":\"Fundaci\u00f3n Calvi\u00e0 2004\",\"url\":\"https:\\\/\\\/galatzotrail.com\\\/en\\\/\",\"logo\":{\"@type\":\"ImageObject\",\"inLanguage\":\"en-US\",\"@id\":\"https:\\\/\\\/galatzotrail.com\\\/en\\\/#\\\/schema\\\/logo\\\/image\\\/\",\"url\":\"https:\\\/\\\/i0.wp.com\\\/galatzotrail.com\\\/wp-content\\\/uploads\\\/2023\\\/05\\\/logo-galatzo-trail-fondo-blanco.png?fit=4525%2C3073&ssl=1\",\"contentUrl\":\"https:\\\/\\\/i0.wp.com\\\/galatzotrail.com\\\/wp-content\\\/uploads\\\/2023\\\/05\\\/logo-galatzo-trail-fondo-blanco.png?fit=4525%2C3073&ssl=1\",\"width\":4525,\"height\":3073,\"caption\":\"Galatz\u00f3 Trail\"},\"image\":{\"@id\":\"https:\\\/\\\/galatzotrail.com\\\/en\\\/#\\\/schema\\\/logo\\\/image\\\/\"},\"sameAs\":[\"https:\\\/\\\/www.facebook.com\\\/galatzotrail\\\/\",\"https:\\\/\\\/www.instagram.com\\\/galatzotrail\\\/?hl=es\"]}]}<\/script>\n<!-- \/ Yoast SEO plugin. -->","yoast_head_json":{"title":"Galatz\u00f3 Explorer 12k Calvi\u00e0 Mallorca","description":"Galatz\u00f3 Explorer 12k, Day: 09 March 2025, Departure time: 10.30 am, Departure location: Plaza de Sa Vinya (Es Capdell\u00e0)","robots":{"index":"index","follow":"follow","max-snippet":"max-snippet:-1","max-image-preview":"max-image-preview:large","max-video-preview":"max-video-preview:-1"},"canonical":"https:\/\/galatzotrail.com\/en\/galatzo-explorer-12k\/","og_locale":"en_US","og_type":"article","og_title":"Galatz\u00f3 Explorer 12k Calvi\u00e0 Mallorca","og_description":"Galatz\u00f3 Explorer 12k, Day: 09 March 2025, Departure time: 10.30 am, Departure location: Plaza de Sa Vinya (Es Capdell\u00e0)","og_url":"https:\/\/galatzotrail.com\/en\/galatzo-explorer-12k\/","og_site_name":"Galatz\u00f3 Trail","article_publisher":"https:\/\/www.facebook.com\/galatzotrail\/","article_modified_time":"2025-07-22T07:03:00+00:00","og_image":[{"width":1000,"height":1000,"url":"https:\/\/galatzotrail.com\/wp-content\/uploads\/2024\/06\/gtexplorer.png","type":"image\/png"}],"twitter_card":"summary_large_image","twitter_misc":{"Est. reading time":"5 minutes"},"schema":{"@context":"https:\/\/schema.org","@graph":[{"@type":"WebPage","@id":"https:\/\/galatzotrail.com\/en\/galatzo-explorer-12k\/","url":"https:\/\/galatzotrail.com\/en\/galatzo-explorer-12k\/","name":"Galatz\u00f3 Explorer 12k Calvi\u00e0 Mallorca","isPartOf":{"@id":"https:\/\/galatzotrail.com\/en\/#website"},"primaryImageOfPage":{"@id":"https:\/\/galatzotrail.com\/en\/galatzo-explorer-12k\/#primaryimage"},"image":{"@id":"https:\/\/galatzotrail.com\/en\/galatzo-explorer-12k\/#primaryimage"},"thumbnailUrl":"https:\/\/i0.wp.com\/galatzotrail.com\/wp-content\/uploads\/2024\/06\/gtexplorer.png?fit=1000%2C1000&ssl=1","datePublished":"2024-06-14T11:00:15+00:00","dateModified":"2025-07-22T07:03:00+00:00","description":"Galatz\u00f3 Explorer 12k, Day: 09 March 2025, Departure time: 10.30 am, Departure location: Plaza de Sa Vinya (Es Capdell\u00e0)","breadcrumb":{"@id":"https:\/\/galatzotrail.com\/en\/galatzo-explorer-12k\/#breadcrumb"},"inLanguage":"en-US","potentialAction":[{"@type":"ReadAction","target":["https:\/\/galatzotrail.com\/en\/galatzo-explorer-12k\/"]}]},{"@type":"ImageObject","inLanguage":"en-US","@id":"https:\/\/galatzotrail.com\/en\/galatzo-explorer-12k\/#primaryimage","url":"https:\/\/i0.wp.com\/galatzotrail.com\/wp-content\/uploads\/2024\/06\/gtexplorer.png?fit=1000%2C1000&ssl=1","contentUrl":"https:\/\/i0.wp.com\/galatzotrail.com\/wp-content\/uploads\/2024\/06\/gtexplorer.png?fit=1000%2C1000&ssl=1","width":1000,"height":1000},{"@type":"BreadcrumbList","@id":"https:\/\/galatzotrail.com\/en\/galatzo-explorer-12k\/#breadcrumb","itemListElement":[{"@type":"ListItem","position":1,"name":"Portada","item":"https:\/\/galatzotrail.com\/en\/"},{"@type":"ListItem","position":2,"name":"Galatz\u00f3 Explorer 12k"}]},{"@type":"WebSite","@id":"https:\/\/galatzotrail.com\/en\/#website","url":"https:\/\/galatzotrail.com\/en\/","name":"Galatz\u00f3 Trail","description":"Mallorca Trail Mountain Marathon. 43 o 23 km de puro trail running en una de las monta\u00f1as m\u00e1s m\u00edticas de Mallorca: el puig de Galatz\u00f3, en Calvi\u00e0.","publisher":{"@id":"https:\/\/galatzotrail.com\/en\/#organization"},"potentialAction":[{"@type":"SearchAction","target":{"@type":"EntryPoint","urlTemplate":"https:\/\/galatzotrail.com\/en\/?s={search_term_string}"},"query-input":{"@type":"PropertyValueSpecification","valueRequired":true,"valueName":"search_term_string"}}],"inLanguage":"en-US"},{"@type":"Organization","@id":"https:\/\/galatzotrail.com\/en\/#organization","name":"Galatz\u00f3 Trail","alternateName":"Fundaci\u00f3n Calvi\u00e0 2004","url":"https:\/\/galatzotrail.com\/en\/","logo":{"@type":"ImageObject","inLanguage":"en-US","@id":"https:\/\/galatzotrail.com\/en\/#\/schema\/logo\/image\/","url":"https:\/\/i0.wp.com\/galatzotrail.com\/wp-content\/uploads\/2023\/05\/logo-galatzo-trail-fondo-blanco.png?fit=4525%2C3073&ssl=1","contentUrl":"https:\/\/i0.wp.com\/galatzotrail.com\/wp-content\/uploads\/2023\/05\/logo-galatzo-trail-fondo-blanco.png?fit=4525%2C3073&ssl=1","width":4525,"height":3073,"caption":"Galatz\u00f3 Trail"},"image":{"@id":"https:\/\/galatzotrail.com\/en\/#\/schema\/logo\/image\/"},"sameAs":["https:\/\/www.facebook.com\/galatzotrail\/","https:\/\/www.instagram.com\/galatzotrail\/?hl=es"]}]}},"jetpack_likes_enabled":true,"jetpack_sharing_enabled":true,"jetpack_shortlink":"https:\/\/wp.me\/PeQ9AI-2y2","jetpack-related-posts":[],"_links":{"self":[{"href":"https:\/\/galatzotrail.com\/en\/wp-json\/wp\/v2\/pages\/9798","targetHints":{"allow":["GET"]}}],"collection":[{"href":"https:\/\/galatzotrail.com\/en\/wp-json\/wp\/v2\/pages"}],"about":[{"href":"https:\/\/galatzotrail.com\/en\/wp-json\/wp\/v2\/types\/page"}],"author":[{"embeddable":true,"href":"https:\/\/galatzotrail.com\/en\/wp-json\/wp\/v2\/users\/235573868"}],"replies":[{"embeddable":true,"href":"https:\/\/galatzotrail.com\/en\/wp-json\/wp\/v2\/comments?post=9798"}],"version-history":[{"count":11,"href":"https:\/\/galatzotrail.com\/en\/wp-json\/wp\/v2\/pages\/9798\/revisions"}],"predecessor-version":[{"id":10793,"href":"https:\/\/galatzotrail.com\/en\/wp-json\/wp\/v2\/pages\/9798\/revisions\/10793"}],"wp:featuredmedia":[{"embeddable":true,"href":"https:\/\/galatzotrail.com\/en\/wp-json\/wp\/v2\/media\/9787"}],"wp:attachment":[{"href":"https:\/\/galatzotrail.com\/en\/wp-json\/wp\/v2\/media?parent=9798"}],"curies":[{"name":"wp","href":"https:\/\/api.w.org\/{rel}","templated":true}]}}