{"id":8673,"date":"2023-06-09T10:32:12","date_gmt":"2023-06-09T08:32:12","guid":{"rendered":"https:\/\/galatzotrail.com\/calendari\/"},"modified":"2026-02-20T07:25:00","modified_gmt":"2026-02-20T06:25:00","slug":"calendari","status":"publish","type":"page","link":"https:\/\/galatzotrail.com\/ca\/calendari\/","title":{"rendered":"Calendari"},"content":{"rendered":"<section class=\"wpb-content-wrapper\"><p>[vc_row full_width=&#8221;stretch_row&#8221; content_placement=&#8221;middle&#8221; parallax=&#8221;content-moving&#8221; css=&#8221;.vc_custom_1686302360236{padding-top: 200px !important;padding-bottom: 170px !important;background: #000000 url(<a href=\"https:\/\/galatzotrail.com\/wp-content\/uploads\/2023\/06\/galatzoCC81-escapdella.jpg?id=7525\">https:\/\/galatzotrail.com\/wp-content\/uploads\/2023\/06\/galatzoCC81-escapdella.jpg?id=7525<\/a>);background-position: center;background-repeat: no-repeat !important;background-size: cover !important;}&#8221;][vc_column width=&#8221;1\/4&#8243; css=&#8221;.vc_custom_1511789287331{padding-top: 0px !important;}&#8221;][\/vc_column][vc_column width=&#8221;1\/2&#8243;][vc_row_inner][vc_column_inner]<header class=\"kd-section-title col-lg-12 text-center  kd-animated fadeIn   vc_custom_1686300622210\" data-animation-delay=200><h2 class=\"separator_off\" style=\"color: #ffffff;\">Calendari Galatz\u00f3 Trail<\/h2><\/header>[\/vc_column_inner][\/vc_row_inner][vc_row_inner][vc_column_inner offset=&#8221;vc_hidden-lg vc_hidden-md&#8221;][vc_empty_space height=&#8221;50px&#8221;][\/vc_column_inner][\/vc_row_inner][\/vc_column][vc_column width=&#8221;1\/4&#8243;][\/vc_column][\/vc_row][vc_row css=&#8221;.vc_custom_1686300411312{margin-top: -100px !important;}&#8221;][vc_column][vc_tta_tabs active_section=&#8221;1&#8243;][vc_tta_section i_icon_fontawesome=&#8221;far fa-bell&#8221; add_icon=&#8221;true&#8221; title=&#8221;DIMECRES 4&#8243; tab_id=&#8221;1738241035246-cd80b0ef-6bd0&#8243;][vc_row_inner css=&#8221;.vc_custom_1556027713726{margin-top: 50px !important;margin-bottom: 50px !important;padding-right: 80px !important;padding-left: 50px !important;}&#8221;][vc_column_inner]<div class=\"es-accordion\" id=\"esaccid9325653\"  >\r\n                            <div class=\"es-heading es-collapsed\"><span class=\"es-time\"><i class=\"far fa-clock\"><\/i>RECOLLIDA DE DORSALS: El Corte Ingl\u00e9s Avingudes (Planta \u00c0tic, esports)<\/span><h4><a class=\"collapsed\" data-toggle=\"collapse\" data-parent=\"#esaccid9325653\" href=\"#tabide3586bb3c61e7a49284dae6d25967a2d\"> <i class=\"fas fa-angle-down\"><\/i><\/a><\/h4>\r\n                            <\/div><div id=\"tabide3586bb3c61e7a49284dae6d25967a2d\" class=\"panel-collapse collapse\" role=\"tabpanel\"><div class=\"es-speaker-container\"><div class=\"es-speaker-name\">LLOC PER DEFINIR (PALMA)<\/div><\/div>\r\n                            <div class=\"es-session-desc\"><div class=\"es-desc-wrapper\"><p>Les persones participants en qualsevol de les tres dist\u00e0ncies del trail Galatz\u00f3 (EXPLORER, HALF, LEGEND) podran recollir el seu kit de carrera, que inclou: bossa, dorsal xip, tubular de coll, etc. Recorda reservar el teu LLOC DE RECOLLIDA DEL KIT DE CARRERA. Si no ho reserves, ho tindrem llest el dissabte 7 de mar\u00e7 de 15 a 20 h al Palau d'Esports de Calvi\u00e0.<\/p>\n<\/div><div class=\"es-link\"><a href=\"https:\/\/docs.google.com\/forms\/d\/e\/1FAIpQLSe0AIHup3hD14G7dhnoLQws8TugjwT2Ck5J7e-bSEt_rKnw9A\/viewform\" target=\"_self\" title=\"\">Reserva el lloc de recollida del teu kit de carrera<\/a><\/div><\/div><\/div>\r\n            <\/div>[\/vc_column_inner][\/vc_row_inner][\/vc_tta_section][vc_tta_section i_icon_fontawesome=&#8221;far fa-bell&#8221; add_icon=&#8221;true&#8221; title=&#8221;DIJOUS 5&#8243; tab_id=&#8221;1738241057166-86b586b3-9a81&#8243;][vc_row_inner css=&#8221;.vc_custom_1556027713726{margin-top: 50px !important;margin-bottom: 50px !important;padding-right: 80px !important;padding-left: 50px !important;}&#8221;][vc_column_inner]<div class=\"es-accordion\" id=\"esaccid2292466\"  >\r\n                            <div class=\"es-heading es-collapsed\"><span class=\"es-time\"><i class=\"far fa-clock\"><\/i>RECOLLIDA DE DORSALS: El Corte Ingl\u00e9s Avingudes (Planta \u00c0tic, esports)<\/span><h4><a class=\"collapsed\" data-toggle=\"collapse\" data-parent=\"#esaccid2292466\" href=\"#tabida85f4ee9847395a7461c594786c4266b\"> <i class=\"fas fa-angle-down\"><\/i><\/a><\/h4>\r\n                            <\/div><div id=\"tabida85f4ee9847395a7461c594786c4266b\" class=\"panel-collapse collapse\" role=\"tabpanel\"><div class=\"es-speaker-container\"><div class=\"es-speaker-name\">LLOC PER DEFINIR (PALMA)<\/div><\/div>\r\n                            <div class=\"es-session-desc\"><div class=\"es-desc-wrapper\"><p>Les persones participants en qualsevol de les tres dist\u00e0ncies del trail Galatz\u00f3 (EXPLORER, HALF, LEGEND) podran recollir el seu kit de carrera, que inclou: bossa, dorsal xip, tubular de coll, etc. Recorda reservar el teu LLOC DE RECOLLIDA DEL KIT DE CARRERA. Si no ho reserves, ho tindrem llest el dissabte 7 de mar\u00e7 de 15 a 20 h al Palau d'Esports de Calvi\u00e0.<\/p>\n<\/div><div class=\"es-link\"><a href=\"https:\/\/docs.google.com\/forms\/d\/e\/1FAIpQLSe0AIHup3hD14G7dhnoLQws8TugjwT2Ck5J7e-bSEt_rKnw9A\/viewform\" target=\"_self\" title=\"\">Reserva el lloc de recollida del teu kit de carrera<\/a><\/div><\/div><\/div>\r\n            <\/div>[\/vc_column_inner][\/vc_row_inner][\/vc_tta_section][vc_tta_section i_icon_fontawesome=&#8221;far fa-bell&#8221; add_icon=&#8221;true&#8221; title=&#8221;DIVENDRES 6&#8243; tab_id=&#8221;sabado-agenda&#8221;][vc_row_inner css=&#8221;.vc_custom_1556027713726{margin-top: 50px !important;margin-bottom: 50px !important;padding-right: 80px !important;padding-left: 50px !important;}&#8221;][vc_column_inner]<div class=\"es-accordion\" id=\"esaccid3567023\"  >\r\n                            <div class=\"es-heading es-collapsed\"><span class=\"es-time\"><i class=\"far fa-clock\"><\/i>10-14 H &amp; 14-20 H<\/span><h4><a class=\"collapsed\" data-toggle=\"collapse\" data-parent=\"#esaccid3567023\" href=\"#tabidbabc662bc8a5db4c01d644e9c094ce3c\">RECOLLIDA DE DORSALS (PALAU D'ESPORTS MELANI COSTA DE CALVI\u00c0) <i class=\"fas fa-angle-down\"><\/i><\/a><\/h4>\r\n                            <\/div><div id=\"tabidbabc662bc8a5db4c01d644e9c094ce3c\" class=\"panel-collapse collapse\" role=\"tabpanel\"><div class=\"es-speaker-container\"><div class=\"es-speaker-name\">PALAU D'ESPORTS MELANI COSTA DE CALVI\u00c0<\/div><\/div>\r\n                            <div class=\"es-session-desc\"><div class=\"es-desc-wrapper\"><p>Les persones participants en qualsevol de les tres dist\u00e0ncies del trail Galatz\u00f3 (EXPLORER, HALF, LEGEND) podran recollir el seu kit de carrera, que inclou: bossa, dorsal xip, tubular de coll, etc. Recorda reservar el teu LLOC DE RECOLLIDA DEL KIT DE CARRERA. Si no ho reserves, ho tindrem llest el dissabte 8 de mar\u00e7 de 15 a 20 h al Palau d'Esports de Calvi\u00e0.<\/p>\n<\/div><div class=\"es-link\"><a href=\"https:\/\/docs.google.com\/forms\/d\/e\/1FAIpQLSe0AIHup3hD14G7dhnoLQws8TugjwT2Ck5J7e-bSEt_rKnw9A\/viewform\" target=\"_self\" title=\"\">Reserva el lloc de recollida del teu kit de carrera<\/a><\/div><\/div><\/div>\r\n            <\/div>[\/vc_column_inner][\/vc_row_inner][\/vc_tta_section][vc_tta_section i_icon_fontawesome=&#8221;far fa-bell&#8221; add_icon=&#8221;true&#8221; title=&#8221;DISSABTE 7&#8243; tab_id=&#8221;1738240844945-d551c4a5-29e3&#8243;][vc_row_inner css=&#8221;.vc_custom_1556027713726{margin-top: 50px !important;margin-bottom: 50px !important;padding-right: 80px !important;padding-left: 50px !important;}&#8221;][vc_column_inner]<div class=\"es-accordion\" id=\"esaccid7201839\"  >\r\n                            <div class=\"es-heading es-collapsed\"><span class=\"es-time\"><i class=\"far fa-clock\"><\/i>10.30 h<\/span><h4><a class=\"collapsed\" data-toggle=\"collapse\" data-parent=\"#esaccid7201839\" href=\"#tabid5f4675e5fb240af3f1eac15bad20c908\">CURSA INFANTIL PER LA SERRA <i class=\"fas fa-angle-down\"><\/i><\/a><\/h4>\r\n                            <\/div><div id=\"tabid5f4675e5fb240af3f1eac15bad20c908\" class=\"panel-collapse collapse\" role=\"tabpanel\"><div class=\"es-speaker-container\"><div class=\"es-speaker-img\"><img decoding=\"async\" width=\"974\" height=\"544\" src=\"https:\/\/i0.wp.com\/galatzotrail.com\/wp-content\/uploads\/2024\/02\/captura-de-pantalla-2024-02-14-a-las-8-53-10.png?fit=974%2C544&amp;ssl=1\" class=\"attachment-full\" alt=\"carrera infantil GALATZ\u00d3 TRAIL 2024\" title=\"carrera infantil GALATZ\u00d3 TRAIL 2024\" srcset=\"https:\/\/i0.wp.com\/galatzotrail.com\/wp-content\/uploads\/2024\/02\/captura-de-pantalla-2024-02-14-a-las-8-53-10.png?w=974&amp;ssl=1 974w, https:\/\/i0.wp.com\/galatzotrail.com\/wp-content\/uploads\/2024\/02\/captura-de-pantalla-2024-02-14-a-las-8-53-10.png?resize=300%2C168&amp;ssl=1 300w, https:\/\/i0.wp.com\/galatzotrail.com\/wp-content\/uploads\/2024\/02\/captura-de-pantalla-2024-02-14-a-las-8-53-10.png?resize=768%2C429&amp;ssl=1 768w\" sizes=\"(max-width: 974px) 100vw, 974px\" data-attachment-id=\"9440\" data-permalink=\"https:\/\/galatzotrail.com\/ca\/calendari\/captura-de-pantalla-2024-02-14-a-las-8-53-10-2\/\" data-orig-file=\"https:\/\/i0.wp.com\/galatzotrail.com\/wp-content\/uploads\/2024\/02\/captura-de-pantalla-2024-02-14-a-las-8-53-10.png?fit=974%2C544&amp;ssl=1\" data-orig-size=\"974,544\" data-comments-opened=\"1\" data-image-meta=\"{&quot;aperture&quot;:&quot;0&quot;,&quot;credit&quot;:&quot;&quot;,&quot;camera&quot;:&quot;&quot;,&quot;caption&quot;:&quot;&quot;,&quot;created_timestamp&quot;:&quot;0&quot;,&quot;copyright&quot;:&quot;&quot;,&quot;focal_length&quot;:&quot;0&quot;,&quot;iso&quot;:&quot;0&quot;,&quot;shutter_speed&quot;:&quot;0&quot;,&quot;title&quot;:&quot;&quot;,&quot;orientation&quot;:&quot;0&quot;}\" data-image-title=\"carrera infantil GALATZ\u00d3 TRAIL 2024\" data-image-description=\"&lt;p&gt;carrera infantil GALATZ\u00d3 TRAIL 2024&lt;\/p&gt;\n\" data-image-caption=\"&lt;p&gt;carrera infantil GALATZ\u00d3 TRAIL 2024&lt;\/p&gt;\n\" data-large-file=\"https:\/\/i0.wp.com\/galatzotrail.com\/wp-content\/uploads\/2024\/02\/captura-de-pantalla-2024-02-14-a-las-8-53-10.png?fit=974%2C544&amp;ssl=1\" \/><\/div><div class=\"es-speaker-name\">Finca de Galatz\u00f3 (Cases)<\/div><\/div>\r\n                            <div class=\"es-session-desc\"><div class=\"es-desc-wrapper\"><p>Aquesta carrera forma part del XII Circuit de Curses a la Serra de Tramuntana promogudes pel Consell de Mallorca i el Consorci Serra de Tramuntana, per diferents municipis de l'illa. L'objectiu, desenvolupar el binomi deporti i natura alhora que es donen a con\u00e8ixer als m\u00e9s petits i les seves fam\u00edlies, itineraris naturals de gran encant a Mallorca.<\/p>\n<p>La carrera infantil de GALATZ\u00d3 TRAIL es disputa a diferents dist\u00e0ncies, d'acord amb les edats dels participants. Totes les proves tenen sortida i arribada en el mateix punt, la impressionant FINCA DE GALATZ\u00d3.<\/p>\n<p>Cal destacar que la carrera es complementa amb altres activitats relacionades amb h\u00e0bits de vida saludable, valors esportius i respecte al medi ambient.<\/p>\n<p>M\u00c9S INFORMACI\u00d3 I INSCRIPCIONS (PR\u00d2XIMAMENT)<\/p>\n<\/div><div class=\"es-link\"><a href=\"\">https:\/\/esports.conselldemallorca.cat\/es\/-\/curses-serra-tramuntana<\/a><\/div><\/div><\/div>\r\n            <\/div><div class=\"es-accordion\" id=\"esaccid6347094\"  >\r\n                            <div class=\"es-heading es-collapsed\"><span class=\"es-time\"><i class=\"far fa-clock\"><\/i>15:00 - 20:00 h<\/span><h4><a class=\"collapsed\" data-toggle=\"collapse\" data-parent=\"#esaccid6347094\" href=\"#tabida9d6e2721c568b1234835535aa3fccb0\">RECOLLIDA DE DORSALS <i class=\"fas fa-angle-down\"><\/i><\/a><\/h4>\r\n                            <\/div><div id=\"tabida9d6e2721c568b1234835535aa3fccb0\" class=\"panel-collapse collapse\" role=\"tabpanel\"><div class=\"es-speaker-container\"><div class=\"es-speaker-img\"><\/div><div class=\"es-speaker-name\">Palau d\u2019Esports Melani Costa de Calvi\u00e0<\/div><\/div>\r\n                            <div class=\"es-session-desc\"><div class=\"es-desc-wrapper\"><p>Les persones participants en qualsevol de les tres dist\u00e0ncies del trail Galatz\u00f3 (EXPLORER, HALF, LEGEND) podran recollir el seu kit de carrera, que inclou: bossa, dorsal xip, tubular de coll, etc. Recorda reservar el teu LLOC DE RECOLLIDA DEL KIT DE CARRERA. Si no ho reserves, ho tindrem llest el dissabte 8 de mar\u00e7 de 15 a 20 h al Palau d'Esports de Calvi\u00e0.<\/p>\n<p>Reserva el lloc de recollida del teu kit de carrera<\/p>\n<\/div><\/div><\/div>\r\n            <\/div>[\/vc_column_inner][\/vc_row_inner][\/vc_tta_section][vc_tta_section i_icon_fontawesome=&#8221;fas fa-bell&#8221; add_icon=&#8221;true&#8221; title=&#8221;DIUMENGE 8&#8243; tab_id=&#8221;domingo-agenda&#8221;][vc_row_inner css=&#8221;.vc_custom_1556027721420{margin-top: 50px !important;margin-bottom: 50px !important;padding-right: 80px !important;padding-left: 50px !important;}&#8221;][vc_column_inner]<div class=\"es-accordion\" id=\"esaccid9384923\"  >\r\n                            <div class=\"es-heading es-collapsed\"><span class=\"es-time\"><i class=\"far fa-clock\"><\/i>08:30 h<\/span><h4><a class=\"collapsed\" data-toggle=\"collapse\" data-parent=\"#esaccid9384923\" href=\"#tabid0c3ec26164beaf2ad823ebc3fb6f74b1\">43K SORTIDA <i class=\"fas fa-angle-down\"><\/i><\/a><\/h4>\r\n                            <\/div><div id=\"tabid0c3ec26164beaf2ad823ebc3fb6f74b1\" class=\"panel-collapse collapse\" role=\"tabpanel\"><div class=\"es-speaker-container\"><div class=\"es-speaker-img\"><\/div><div class=\"es-speaker-name\">es Capdell\u00e0 (pla\u00e7a de Sa Vinya)<\/div><\/div>\r\n                            <div class=\"es-session-desc\"><div class=\"es-desc-wrapper\"><p>SORTIDA DE LA GALATZ\u00d3 LEGEND (43KM) - Les persones participants a la GALATZ\u00d3 LEGEND comen\u00e7aran la cursa a les 8.30 h. La sortida es far\u00e0 des de la pla\u00e7a de Sa Vinya d'es Capdell\u00e0<\/p>\n<\/div><\/div><\/div>\r\n            <\/div><div class=\"es-accordion\" id=\"esaccid7380059\"  >\r\n                            <div class=\"es-heading es-collapsed\"><span class=\"es-time\"><i class=\"far fa-clock\"><\/i>10:00 h<\/span><h4><a class=\"collapsed\" data-toggle=\"collapse\" data-parent=\"#esaccid7380059\" href=\"#tabid6f817e030314863d69ceca1f0a5090d1\">23K SORTIDA <i class=\"fas fa-angle-down\"><\/i><\/a><\/h4>\r\n                            <\/div><div id=\"tabid6f817e030314863d69ceca1f0a5090d1\" class=\"panel-collapse collapse\" role=\"tabpanel\"><div class=\"es-speaker-container\"><div class=\"es-speaker-img\"><\/div><div class=\"es-speaker-name\">es Capdell\u00e0 (pla\u00e7a de Sa Vinya)<\/div><\/div>\r\n                            <div class=\"es-session-desc\"><div class=\"es-desc-wrapper\"><p>SORTIDA DE LA GALATZ\u00d3 HALF (23KM) - La GALATZ\u00d3 HALF \u00e9s una carrera per muntanya, concretament una mitja marat\u00f3 de muntanya d\u2019aproximadament 23 km que part i finalitza en la Pla\u00e7a de Sa Vinya d\u2019es Capdell\u00e0.<\/p>\n<\/div><\/div><\/div>\r\n            <\/div><div class=\"es-accordion\" id=\"esaccid8206683\"  >\r\n                            <div class=\"es-heading es-collapsed\"><span class=\"es-time\"><i class=\"far fa-clock\"><\/i>10:30 h<\/span><h4><a class=\"collapsed\" data-toggle=\"collapse\" data-parent=\"#esaccid8206683\" href=\"#tabid1521029228b52cc0bbd652444df3ea19\">12K SORTIDA (EXPLORER) <i class=\"fas fa-angle-down\"><\/i><\/a><\/h4>\r\n                            <\/div><div id=\"tabid1521029228b52cc0bbd652444df3ea19\" class=\"panel-collapse collapse\" role=\"tabpanel\"><div class=\"es-speaker-container\"><div class=\"es-speaker-img\"><\/div><div class=\"es-speaker-name\">es Capdell\u00e0 (pla\u00e7a de Sa Vinya)<\/div><\/div>\r\n                            <div class=\"es-session-desc\"><div class=\"es-desc-wrapper\"><p>El tra\u00e7at ens permet con\u00e8ixer l'entorn de la Finca Galatz\u00f3, oferint una primera experi\u00e8ncia trail pels camins de la Finca.<\/p>\n<\/div><\/div><\/div>\r\n            <\/div><div class=\"es-accordion\" id=\"esaccid6178569\"  >\r\n                            <div class=\"es-heading es-collapsed\"><span class=\"es-time\"><i class=\"far fa-clock\"><\/i>11:20 h<\/span><h4><a class=\"collapsed\" data-toggle=\"collapse\" data-parent=\"#esaccid6178569\" href=\"#tabid5126eab930be0387c9de65abbd2f8709\">ARRIBADA A META 1r\/a participant GT EXPLORER <i class=\"fas fa-angle-down\"><\/i><\/a><\/h4>\r\n                            <\/div><div id=\"tabid5126eab930be0387c9de65abbd2f8709\" class=\"panel-collapse collapse\" role=\"tabpanel\"><div class=\"es-speaker-container\"><div class=\"es-speaker-img\"><\/div><div class=\"es-speaker-name\">Es Capdell\u00e0<\/div><\/div>\r\n                            <div class=\"es-session-desc\"><div class=\"es-desc-wrapper\"><p>Temps aproximat en base a la classificaci\u00f3 de Galatz\u00f3 Explorer<\/p>\n<\/div><\/div><\/div>\r\n            <\/div><div class=\"es-accordion\" id=\"esaccid8125602\"  >\r\n                            <div class=\"es-heading es-collapsed\"><span class=\"es-time\"><i class=\"far fa-clock\"><\/i>11:55 h<\/span><h4><a class=\"collapsed\" data-toggle=\"collapse\" data-parent=\"#esaccid8125602\" href=\"#tabid9da16e7ec1d6bc0cd19d1b76990b084a\">ARRIBADA A META 1r\/a participant GT HALF <i class=\"fas fa-angle-down\"><\/i><\/a><\/h4>\r\n                            <\/div><div id=\"tabid9da16e7ec1d6bc0cd19d1b76990b084a\" class=\"panel-collapse collapse\" role=\"tabpanel\"><div class=\"es-speaker-container\"><div class=\"es-speaker-img\"><\/div><div class=\"es-speaker-name\">Es Capdell\u00e0<\/div><\/div>\r\n                            <div class=\"es-session-desc\"><div class=\"es-desc-wrapper\"><p>Temps aproximat en base a la classificaci\u00f3 de Galatz\u00f3 Half<\/p>\n<\/div><\/div><\/div>\r\n            <\/div><div class=\"es-accordion\" id=\"esaccid1515373\"  >\r\n                            <div class=\"es-heading es-collapsed\"><span class=\"es-time\"><i class=\"far fa-clock\"><\/i>12:00 h<\/span><h4><a class=\"collapsed\" data-toggle=\"collapse\" data-parent=\"#esaccid1515373\" href=\"#tabid77d395232e825b14198474e2a3c21e3d\">CERIM\u00d2NIA D\u2019ENTREGA DE PREMIS GT EXPLORER <i class=\"fas fa-angle-down\"><\/i><\/a><\/h4>\r\n                            <\/div><div id=\"tabid77d395232e825b14198474e2a3c21e3d\" class=\"panel-collapse collapse\" role=\"tabpanel\"><div class=\"es-speaker-container\"><div class=\"es-speaker-img\"><\/div><div class=\"es-speaker-name\">es Capdell\u00e0 (pla\u00e7a de Sa Vinya)<\/div><\/div>\r\n                            <div class=\"es-session-desc\"><div class=\"es-desc-wrapper\"><p>Horari aproximat<\/p>\n<\/div><\/div><\/div>\r\n            <\/div><div class=\"es-accordion\" id=\"esaccid7810996\"  >\r\n                            <div class=\"es-heading es-collapsed\"><span class=\"es-time\"><i class=\"far fa-clock\"><\/i>12:45 h<\/span><h4><a class=\"collapsed\" data-toggle=\"collapse\" data-parent=\"#esaccid7810996\" href=\"#tabid1e786468c6c45dd638436193b0d05ae8\">ARRIBADA A META 1r\/a participant GT LEGEND <i class=\"fas fa-angle-down\"><\/i><\/a><\/h4>\r\n                            <\/div><div id=\"tabid1e786468c6c45dd638436193b0d05ae8\" class=\"panel-collapse collapse\" role=\"tabpanel\"><div class=\"es-speaker-container\"><div class=\"es-speaker-img\"><\/div><div class=\"es-speaker-name\">es Capdell\u00e0 (pla\u00e7a de Sa Vinya)<\/div><\/div>\r\n                            <div class=\"es-session-desc\"><div class=\"es-desc-wrapper\"><p>ARRIBADA A META 1R CLASSIFICAT\/DA GALATZ\u00d3 LEGEND - Temps aproximat en base a la classificaci\u00f3 de Galatz\u00f3 Half de 2024<\/p>\n<\/div><\/div><\/div>\r\n            <\/div><div class=\"es-accordion\" id=\"esaccid939701\"  >\r\n                            <div class=\"es-heading es-collapsed\"><span class=\"es-time\"><i class=\"far fa-clock\"><\/i>14:00 h<\/span><h4><a class=\"collapsed\" data-toggle=\"collapse\" data-parent=\"#esaccid939701\" href=\"#tabid61797273b71e51b9ec64c375dc015311\">CERIM\u00d2NIA D\u2019ENTREGA DE PREMIS GT HALF <i class=\"fas fa-angle-down\"><\/i><\/a><\/h4>\r\n                            <\/div><div id=\"tabid61797273b71e51b9ec64c375dc015311\" class=\"panel-collapse collapse\" role=\"tabpanel\"><div class=\"es-speaker-container\"><div class=\"es-speaker-img\"><\/div><div class=\"es-speaker-name\">es Capdell\u00e0 (pla\u00e7a de Sa Vinya)<\/div><\/div>\r\n                            <div class=\"es-session-desc\"><div class=\"es-desc-wrapper\"><p>Horari aproximat. En aquest acte s'entregan els premis de les dues curses principals, tant en absoluts com en grups d'edat.<\/p>\n<\/div><\/div><\/div>\r\n            <\/div><div class=\"es-accordion\" id=\"esaccid7492387\"  >\r\n                            <div class=\"es-heading es-collapsed\"><span class=\"es-time\"><i class=\"far fa-clock\"><\/i>16:00 h<\/span><h4><a class=\"collapsed\" data-toggle=\"collapse\" data-parent=\"#esaccid7492387\" href=\"#tabid4a5036a816d309820373123b23b1c60a\">CERIM\u00d2NIA D\u2019ENTREGA DE PREMIS GT LEGEND <i class=\"fas fa-angle-down\"><\/i><\/a><\/h4>\r\n                            <\/div><div id=\"tabid4a5036a816d309820373123b23b1c60a\" class=\"panel-collapse collapse\" role=\"tabpanel\"><div class=\"es-speaker-container\"><div class=\"es-speaker-img\"><\/div><div class=\"es-speaker-name\">es Capdell\u00e0 (pla\u00e7a de Sa Vinya)<\/div><\/div>\r\n                            <div class=\"es-session-desc\"><div class=\"es-desc-wrapper\"><p>En aquest acte s'entregan els premis de les dues curses principals, tant en absoluts com en grups d'edat.<\/p>\n<\/div><\/div><\/div>\r\n            <\/div><div class=\"es-accordion\" id=\"esaccid3411046\"  >\r\n                            <div class=\"es-heading es-collapsed\"><span class=\"es-time\"><i class=\"far fa-clock\"><\/i>18:00 h<\/span><h4><a class=\"collapsed\" data-toggle=\"collapse\" data-parent=\"#esaccid3411046\" href=\"#tabid83fc8fcd09825d32fd9218477df68471\">TANCAMENT DE CARRERA <i class=\"fas fa-angle-down\"><\/i><\/a><\/h4>\r\n                            <\/div><div id=\"tabid83fc8fcd09825d32fd9218477df68471\" class=\"panel-collapse collapse\" role=\"tabpanel\"><div class=\"es-speaker-container\"><div class=\"es-speaker-img\"><\/div><div class=\"es-speaker-name\">es Capdell\u00e0 (pla\u00e7a de Sa Vinya)<\/div><\/div>\r\n                            <div class=\"es-session-desc\"><div class=\"es-desc-wrapper\"><p>Temps de tall final. Les persones que no hagin entrat en meta abans de les 18 h, seran desqualificades de la prova.<\/p>\n<\/div><\/div><\/div>\r\n            <\/div>[\/vc_column_inner][\/vc_row_inner][\/vc_tta_section][\/vc_tta_tabs][vc_btn title=&#8221;Reserva el teu lloc de recollida de kit de carrera&#8221; link=&#8221;url:https%3A%2F%2Fdocs.google.com%2Fforms%2Fd%2Fe%2F1FAIpQLSfJs7f6EnqFoh8mgXCu1DQKyMq4MkE5iMCe50bdiu5RpBQznQ%2Fviewform&#8221;][vc_column_text]<\/p>\n<h2 class=\"tab-title\">RECOLLIDA DE KIT DE CARRERA DE GT26<\/h2>\n<p>Els participants en qualsevol de les tres dist\u00e0ncies del trail Galatz\u00f3 (EXPLORER, HALF, LEGEND) podran recollir el seu kit de carrera que inclou: bossa, xip dorsal, buff, etc. en els seg\u00fcents llocs i horaris.<\/p>\n<p><strong>IMPORTANT!<\/strong> <strong>Per tal de recollir el teu kit de carrera \u00e9s necessari que facis una reserva pr\u00e8via a trav\u00e9s d&#8217;aquest <a href=\"https:\/\/docs.google.com\/forms\/d\/e\/1FAIpQLSfJs7f6EnqFoh8mgXCu1DQKyMq4MkE5iMCe50bdiu5RpBQznQ\/viewform\">formulari<\/a><\/strong>,, perqu\u00e8 puguem portar-lo al lloc que hagis triat. Si no fas reserva, la tindrem preparat al Palau d\u2019Esports de Calvi\u00e0 perqu\u00e8 la recullis el dissabte entre les 15 i les 20 h.e<\/p>\n<p><em><strong>En cas que hagis de recollir la DORSAL d&#8217;un altre participant, pots fer-ho, PRESENTANT UNA FOTO EN EL TEU M\u00d2BIL AMB EL DNI D&#8217;Aquesta persona.<\/strong><\/em>[\/vc_column_text][vc_column_text]<\/p>\n<table class=\"aligncenter\" dir=\"ltr\" border=\"1\" cellspacing=\"0\" cellpadding=\"0\" data-sheets-root=\"1\" data-sheets-baot=\"1\">\n<tbody>\n<tr>\n<td><strong>LLOC<\/strong><\/td>\n<td><strong>DIMECRES 4<\/strong><\/td>\n<td><strong>DIJOUS 5<\/strong><\/td>\n<td><strong>DIVENDRES\u00a0 6<\/strong><\/td>\n<td><strong>DISSABTE 7<\/strong><\/td>\n<\/tr>\n<tr>\n<td><strong>EL CORTE INGL\u00c9S AVINGUDES (PLANTA \u00c0TIC &#8211; ESPORTS)<\/strong><\/td>\n<td>De 10 a 14 h i de 16 a 21 h<\/td>\n<td>De 10 a 14 h i de 16 a 21 h<\/td>\n<td>\u2014\u2014-<\/td>\n<td>\u2014\u2014-<\/td>\n<\/tr>\n<tr>\n<td><strong>PALAU D\u2019ESPORTS DE CALVI\u00c0<\/strong><\/td>\n<td>\u2014\u2014-<\/td>\n<td>\u2014\u2014-<\/td>\n<td>10-14H I 16-20 H<\/td>\n<td>De 15 a 20 h<\/td>\n<\/tr>\n<\/tbody>\n<\/table>\n<p>[\/vc_column_text][vc_btn title=&#8221;Reserva el teu lloc de recollida de kit de carrera&#8221; link=&#8221;url:https%3A%2F%2Fdocs.google.com%2Fforms%2Fd%2Fe%2F1FAIpQLSfJs7f6EnqFoh8mgXCu1DQKyMq4MkE5iMCe50bdiu5RpBQznQ%2Fviewform&#8221;][\/vc_column][\/vc_row][vc_row disable_element=&#8221;yes&#8221; css=&#8221;.vc_custom_1687955031560{margin-top: -100px !important;}&#8221;][vc_column][vc_tta_tabs active_section=&#8221;1&#8243;][vc_tta_section i_icon_fontawesome=&#8221;fas fa-bell&#8221; add_icon=&#8221;true&#8221; title=&#8221;VIERNES&#8221; tab_id=&#8221;1687955001676-e69d54fd-65fb&#8221;][vc_row_inner css=&#8221;.vc_custom_1556027689820{margin-top: 50px !important;margin-bottom: 50px !important;padding-right: 80px !important;padding-left: 50px !important;}&#8221;][vc_column_inner]<div class=\"es-accordion\" id=\"esaccid344306\"  >\r\n                            <div class=\"es-heading es-collapsed\"><span class=\"es-time\"><i class=\"far fa-clock\"><\/i>09:30 - 13:30 h<\/span><h4><a class=\"collapsed\" data-toggle=\"collapse\" data-parent=\"#esaccid344306\" href=\"#tabidb7b0b85761abe467008d74fa937c32b4\">I JORNADA DE TURISMO DEPORTIVO EN CALVI\u00c0 <i class=\"fas fa-angle-down\"><\/i><\/a><\/h4>\r\n                            <\/div><div id=\"tabidb7b0b85761abe467008d74fa937c32b4\" class=\"panel-collapse collapse\" role=\"tabpanel\"><div class=\"es-speaker-container\"><div class=\"es-speaker-img\"><\/div><div class=\"es-speaker-name\">Casal de Peguera<\/div><\/div>\r\n                            <div class=\"es-session-desc\"><div class=\"es-desc-wrapper\"><p>L 'Ajuntament de Calvi\u00e0, en col\u00b7laboraci\u00f3n amb Fundaci\u00f3 Calvi\u00e0 2004 i el Diari de Mallorca, organitzen la II JORNADA DE TURISME ESPORTIU Calvi\u00e0.<\/p>\n<\/div><\/div><\/div>\r\n            <\/div>[\/vc_column_inner][\/vc_row_inner][\/vc_tta_section][vc_tta_section i_icon_fontawesome=&#8221;far fa-bell&#8221; add_icon=&#8221;true&#8221; title=&#8221;S\u00c1BADO&#8221; tab_id=&#8221;1687955001729-a6368cb9-9345&#8243;][vc_row_inner css=&#8221;.vc_custom_1556027713726{margin-top: 50px !important;margin-bottom: 50px !important;padding-right: 80px !important;padding-left: 50px !important;}&#8221;][vc_column_inner]<div class=\"es-accordion\" id=\"esaccid1578701\"  >\r\n                            <div class=\"es-heading es-collapsed\"><span class=\"es-time\"><i class=\"far fa-clock\"><\/i>09:00 - 14:00 h<\/span><h4><a class=\"collapsed\" data-toggle=\"collapse\" data-parent=\"#esaccid1578701\" href=\"#tabid1dd6f8ef9645bf44e46a9b9da8cdc229\">CARRERA INFANTIL <i class=\"fas fa-angle-down\"><\/i><\/a><\/h4>\r\n                            <\/div><div id=\"tabid1dd6f8ef9645bf44e46a9b9da8cdc229\" class=\"panel-collapse collapse\" role=\"tabpanel\"><div class=\"es-speaker-container\"><div class=\"es-speaker-img\"><\/div><div class=\"es-speaker-name\">Carreras infantiles Serra de Tramuntana 2024<\/div><\/div>\r\n                            <div class=\"es-session-desc\"><div class=\"es-desc-wrapper\"><p>Ni\u00f1os y ni\u00f1as de todas les edades, de 0 a 17 a\u00f1os. El evento se desarrollar\u00e1 en la Finca P\u00fablica de Galatz\u00f3. Se llevar\u00e1 a cabo en diferentes distancias, seg\u00fan la edad de las personas participantes, desde 150 a 4500 m.<\/p>\n<\/div><\/div><\/div>\r\n            <\/div><div class=\"es-accordion\" id=\"esaccid2894058\"  >\r\n                            <div class=\"es-heading es-collapsed\"><span class=\"es-time\"><i class=\"far fa-clock\"><\/i>15:00 - 20:00 h<\/span><h4><a class=\"collapsed\" data-toggle=\"collapse\" data-parent=\"#esaccid2894058\" href=\"#tabidfbe814ce5367fe29f1f68a5d8c0f6527\">RECOGIDA DE DORSALES <i class=\"fas fa-angle-down\"><\/i><\/a><\/h4>\r\n                            <\/div><div id=\"tabidfbe814ce5367fe29f1f68a5d8c0f6527\" class=\"panel-collapse collapse\" role=\"tabpanel\"><div class=\"es-speaker-container\"><div class=\"es-speaker-img\"><\/div><div class=\"es-speaker-name\">Palau municipal d\u2019esports Calvi\u00e0<\/div><\/div>\r\n                            <div class=\"es-session-desc\"><div class=\"es-desc-wrapper\"><p>Los participantes en cualquiera de las dos distancias de Galatz\u00f3 trail (HALF, LEGEND) pueden pasar a recoger su kit de carrera que incluye: bolsa, dorsal chip, braga, etc.<\/p>\n<\/div><\/div><\/div>\r\n            <\/div>[\/vc_column_inner][\/vc_row_inner][\/vc_tta_section][vc_tta_section i_icon_fontawesome=&#8221;fas fa-bell&#8221; add_icon=&#8221;true&#8221; title=&#8221;DOMINGO&#8221; tab_id=&#8221;1687955001794-a510663b-26e5&#8243;][vc_row_inner css=&#8221;.vc_custom_1556027721420{margin-top: 50px !important;margin-bottom: 50px !important;padding-right: 80px !important;padding-left: 50px !important;}&#8221;][vc_column_inner]<div class=\"es-accordion\" id=\"esaccid3897085\"  >\r\n                            <div class=\"es-heading es-collapsed\"><span class=\"es-time\"><i class=\"far fa-clock\"><\/i>08:30 h<\/span><h4><a class=\"collapsed\" data-toggle=\"collapse\" data-parent=\"#esaccid3897085\" href=\"#tabid232fe8151b778e84a68aa674c0268335\">43K SALIDA <i class=\"fas fa-angle-down\"><\/i><\/a><\/h4>\r\n                            <\/div><div id=\"tabid232fe8151b778e84a68aa674c0268335\" class=\"panel-collapse collapse\" role=\"tabpanel\"><div class=\"es-speaker-container\"><div class=\"es-speaker-img\"><\/div><div class=\"es-speaker-name\">Es Capdell\u00e0<\/div><\/div>\r\n                            <div class=\"es-session-desc\"><div class=\"es-desc-wrapper\"><p>SALIDA DE LA GALATZ\u00d3 LEGEND (43 KM) - La GALATZ\u00d3 LEGEND es una carrera de trail, concretamente un marat\u00f3n de monta\u00f1a de aproximadamente 43 km que parte y finaliza en la Pla\u00e7a de Sa Vinya de Es Capdell\u00e0.<\/p>\n<\/div><\/div><\/div>\r\n            <\/div><div class=\"es-accordion\" id=\"esaccid2544210\"  >\r\n                            <div class=\"es-heading es-collapsed\"><span class=\"es-time\"><i class=\"far fa-clock\"><\/i>10:00 h<\/span><h4><a class=\"collapsed\" data-toggle=\"collapse\" data-parent=\"#esaccid2544210\" href=\"#tabidfa6e8f3ae693e2b26fc00b15f6b2b0e3\">23K SALIDA <i class=\"fas fa-angle-down\"><\/i><\/a><\/h4>\r\n                            <\/div><div id=\"tabidfa6e8f3ae693e2b26fc00b15f6b2b0e3\" class=\"panel-collapse collapse\" role=\"tabpanel\"><div class=\"es-speaker-container\"><div class=\"es-speaker-img\"><\/div><div class=\"es-speaker-name\">Es Capdell\u00e0<\/div><\/div>\r\n                            <div class=\"es-session-desc\"><div class=\"es-desc-wrapper\"><p>SALIDA DE LA GALATZ\u00d3 HALF (23 KM) - La GALATZ\u00d3 HALF es una carrera por monta\u00f1a, concretamente una media marat\u00f3n de monta\u00f1a de aproximadamente 23 km que parte y finaliza en la Pla\u00e7a de Sa Vinya de Es Capdell\u00e0.<\/p>\n<\/div><\/div><\/div>\r\n            <\/div><div class=\"es-accordion\" id=\"esaccid6005697\"  >\r\n                            <div class=\"es-heading es-collapsed\"><span class=\"es-time\"><i class=\"far fa-clock\"><\/i>11:15 h<\/span><h4><a class=\"collapsed\" data-toggle=\"collapse\" data-parent=\"#esaccid6005697\" href=\"#tabidc7706ceff7420f1c08555be0cb2d4f5a\">LLEGADA A META <i class=\"fas fa-angle-down\"><\/i><\/a><\/h4>\r\n                            <\/div><div id=\"tabidc7706ceff7420f1c08555be0cb2d4f5a\" class=\"panel-collapse collapse\" role=\"tabpanel\"><div class=\"es-speaker-container\"><div class=\"es-speaker-img\"><\/div><div class=\"es-speaker-name\">Es Capdell\u00e0<\/div><\/div>\r\n                            <div class=\"es-session-desc\"><div class=\"es-desc-wrapper\"><p>Tiempo aproximado de la llegada a la meta del primer clasificado de la Galatz\u00f3 Half. LLEGADA A META 1R CLASIFICAD@ GALATZ\u00d3 HALF<\/p>\n<\/div><\/div><\/div>\r\n            <\/div><div class=\"es-accordion\" id=\"esaccid7261453\"  >\r\n                            <div class=\"es-heading es-collapsed\"><span class=\"es-time\"><i class=\"far fa-clock\"><\/i>12:30 h<\/span><h4><a class=\"collapsed\" data-toggle=\"collapse\" data-parent=\"#esaccid7261453\" href=\"#tabidb5a70e7449c376a7fdf93111c6c37f07\">LLEGADA A META <i class=\"fas fa-angle-down\"><\/i><\/a><\/h4>\r\n                            <\/div><div id=\"tabidb5a70e7449c376a7fdf93111c6c37f07\" class=\"panel-collapse collapse\" role=\"tabpanel\"><div class=\"es-speaker-container\"><div class=\"es-speaker-img\"><\/div><div class=\"es-speaker-name\">Es Capdell\u00e0<\/div><\/div>\r\n                            <div class=\"es-session-desc\"><div class=\"es-desc-wrapper\"><p>LLEGADA A META 1R CLASIFICAD@ GALATZ\u00d3 LEGEND - Tiempo aproximado de la llegada a la meta del primer clasificado de la Galatz\u00f3 Legend.<\/p>\n<\/div><\/div><\/div>\r\n            <\/div><div class=\"es-accordion\" id=\"esaccid3144492\"  >\r\n                            <div class=\"es-heading es-collapsed\"><span class=\"es-time\"><i class=\"far fa-clock\"><\/i>16:00 h<\/span><h4><a class=\"collapsed\" data-toggle=\"collapse\" data-parent=\"#esaccid3144492\" href=\"#tabid880b27022cdaace9afc98e531169b750\">ENTREGA PREMIOS <i class=\"fas fa-angle-down\"><\/i><\/a><\/h4>\r\n                            <\/div><div id=\"tabid880b27022cdaace9afc98e531169b750\" class=\"panel-collapse collapse\" role=\"tabpanel\"><div class=\"es-speaker-container\"><div class=\"es-speaker-img\"><\/div><div class=\"es-speaker-name\">Es Capdell\u00e0<\/div><\/div>\r\n                            <div class=\"es-session-desc\"><div class=\"es-desc-wrapper\"><p>Tiempo aproximado de la entrega de premios Galatz\u00f3 Legend y Half. ENTREGA DE PREMIOS GALATZ\u00d3 TRAIL<\/p>\n<\/div><\/div><\/div>\r\n            <\/div><div class=\"es-accordion\" id=\"esaccid9748949\"  >\r\n                            <div class=\"es-heading es-collapsed\"><span class=\"es-time\"><i class=\"far fa-clock\"><\/i>18:00 h<\/span><h4><a class=\"collapsed\" data-toggle=\"collapse\" data-parent=\"#esaccid9748949\" href=\"#tabid543f8dda1c581c00d1201599ac61f79d\">CIERRE DE CARRERA <i class=\"fas fa-angle-down\"><\/i><\/a><\/h4>\r\n                            <\/div><div id=\"tabid543f8dda1c581c00d1201599ac61f79d\" class=\"panel-collapse collapse\" role=\"tabpanel\"><div class=\"es-speaker-container\"><div class=\"es-speaker-img\"><\/div><div class=\"es-speaker-name\">Es Capdell\u00e0<\/div><\/div>\r\n                            <div class=\"es-session-desc\"><div class=\"es-desc-wrapper\"><p>Tiempo de corte del cierre de carrera Galatz\u00f3 Trail. CIERRE DE CARRERA GALATZ\u00d3 TRAIL<\/p>\n<\/div><\/div><\/div>\r\n            <\/div>[\/vc_column_inner][\/vc_row_inner][\/vc_tta_section][\/vc_tta_tabs][\/vc_column][\/vc_row][vc_row full_width=&#8221;stretch_row&#8221; disable_element=&#8221;yes&#8221; css=&#8221;.vc_custom_1687955015667{padding-top: 100px !important;padding-bottom: 100px !important;background-color: #f3f3f3 !important;}&#8221;][vc_column]<div class=\"features-tabs kd-tabswrapper-9441869f3770ef1e59 tabs-image-right tab-img-contained\" >\r\n\t\t\t\t<div id=\"extab-69f3770f00e46\">\r\n\t\t\t\t<div class=\"tab-image-container\"><img decoding=\"async\" width=\"1100\" height=\"1550\" src=\"https:\/\/i0.wp.com\/galatzotrail.com\/wp-content\/uploads\/2023\/06\/Jornada-turismo-y-deporte-10.03.23.png?fit=1100%2C1550&amp;ssl=1\" class=\"attachment-full\" alt=\"\" title=\"Jornada-turismo-y-deporte-10.03.23\" srcset=\"https:\/\/i0.wp.com\/galatzotrail.com\/wp-content\/uploads\/2023\/06\/Jornada-turismo-y-deporte-10.03.23.png?w=1100&amp;ssl=1 1100w, https:\/\/i0.wp.com\/galatzotrail.com\/wp-content\/uploads\/2023\/06\/Jornada-turismo-y-deporte-10.03.23.png?resize=213%2C300&amp;ssl=1 213w, https:\/\/i0.wp.com\/galatzotrail.com\/wp-content\/uploads\/2023\/06\/Jornada-turismo-y-deporte-10.03.23.png?resize=727%2C1024&amp;ssl=1 727w, https:\/\/i0.wp.com\/galatzotrail.com\/wp-content\/uploads\/2023\/06\/Jornada-turismo-y-deporte-10.03.23.png?resize=768%2C1082&amp;ssl=1 768w, https:\/\/i0.wp.com\/galatzotrail.com\/wp-content\/uploads\/2023\/06\/Jornada-turismo-y-deporte-10.03.23.png?resize=1090%2C1536&amp;ssl=1 1090w\" sizes=\"(max-width: 1000px) 100vw, 1000px\" data-attachment-id=\"8521\" data-permalink=\"https:\/\/galatzotrail.com\/ca\/jornada-turismo-y-deporte-10-03-23-2\/\" data-orig-file=\"https:\/\/i0.wp.com\/galatzotrail.com\/wp-content\/uploads\/2023\/06\/Jornada-turismo-y-deporte-10.03.23.png?fit=1100%2C1550&amp;ssl=1\" data-orig-size=\"1100,1550\" data-comments-opened=\"1\" data-image-meta=\"{&quot;aperture&quot;:&quot;0&quot;,&quot;credit&quot;:&quot;&quot;,&quot;camera&quot;:&quot;&quot;,&quot;caption&quot;:&quot;&quot;,&quot;created_timestamp&quot;:&quot;0&quot;,&quot;copyright&quot;:&quot;&quot;,&quot;focal_length&quot;:&quot;0&quot;,&quot;iso&quot;:&quot;0&quot;,&quot;shutter_speed&quot;:&quot;0&quot;,&quot;title&quot;:&quot;&quot;,&quot;orientation&quot;:&quot;0&quot;}\" data-image-title=\"Jornada-turismo-y-deporte-10.03.23\" data-image-description=\"\" data-image-caption=\"\" data-large-file=\"https:\/\/i0.wp.com\/galatzotrail.com\/wp-content\/uploads\/2023\/06\/Jornada-turismo-y-deporte-10.03.23.png?fit=727%2C1024&amp;ssl=1\" \/><\/div>\r\n\t\t\t\t<div class=\"tab-text-container\">\r\n\t\t\t\t\t<h2 class=\"tab-title\">II JORNADA DE TURISME ESPORTIU EN CALVI\u00c0<\/h2><p class=\"tab-content\"><\/p>\n<h3>S\u00c1BADO 09 DE MARZO 2024 \u2013 DE 9 A 14 H<\/h3>\n<p><strong>CARRERA INFANTIL <\/strong><a href=\"https:\/\/esports.conselldemallorca.cat\/-\/curses-serra-tramuntana\">( <\/a>XI circuito Carreras infantiles Serra de Tramuntana 2024<a href=\"https:\/\/esports.conselldemallorca.cat\/-\/curses-serra-tramuntana\">)<\/a><\/p>\n<p><strong>Lugar:<\/strong> Aparcamiento Finca p\u00fablica de Galatz\u00f3 <a href=\"https:\/\/www.google.com\/maps\/search\/39.600284,+2.475783?shorturl=1\"><strong>(mapa)<\/strong><\/a><\/p>\n<p>Ni\u00f1os y ni\u00f1as de todas les edades, de 0 a 17 a\u00f1os. El evento se desarrollar\u00e1 en la Finca P\u00fablica de Galatz\u00f3. Se llevar\u00e1 a cabo en diferentes distancias, seg\u00fan la edad de las personas participantes, desde 150 a 4500 m.<\/p>\n<p>Las inscripciones S\u00d3LO SE PODR\u00c1N HACER (apertura en los pr\u00f3ximos d\u00edas) PREVIAMENTE Y ONLINE a trav\u00e9s de esta web: <a href=\"https:\/\/esports.conselldemallorca.cat\/es\/-\/carreras-serra-tramuntana\">https:\/\/esports.conselldemallorca.cat\/es\/-\/carreras-serra-tramuntana<\/a><\/p><\/div>\r\n\t\t\t\t<\/div>\r\n\t\t\t\t<li class=\"tab-control-item\">\r\n\t\t\t\t\t<a href=\"#extab-69f3770f00e46\"><i class=\"iconsmind-Speach-BubbleComic3 iconsmind-Speech-Bubbles\"><\/i>  II JORNADA DE TURISME ESPORTIU EN CALVI\u00c0<\/a>\r\n\t\t\t\t<\/li><div id=\"extab-69f3770f03e62\">\r\n\t\t\t\t<div class=\"tab-image-container\"><img decoding=\"async\" width=\"787\" height=\"1114\" src=\"https:\/\/i0.wp.com\/galatzotrail.com\/wp-content\/uploads\/2023\/06\/RECOGIDA-DORSALES-GT.png?fit=787%2C1114&amp;ssl=1\" class=\"attachment-full\" alt=\"\" title=\"RECOGIDA DORSALES-GT\" srcset=\"https:\/\/i0.wp.com\/galatzotrail.com\/wp-content\/uploads\/2023\/06\/RECOGIDA-DORSALES-GT.png?w=787&amp;ssl=1 787w, https:\/\/i0.wp.com\/galatzotrail.com\/wp-content\/uploads\/2023\/06\/RECOGIDA-DORSALES-GT.png?resize=212%2C300&amp;ssl=1 212w, https:\/\/i0.wp.com\/galatzotrail.com\/wp-content\/uploads\/2023\/06\/RECOGIDA-DORSALES-GT.png?resize=723%2C1024&amp;ssl=1 723w, https:\/\/i0.wp.com\/galatzotrail.com\/wp-content\/uploads\/2023\/06\/RECOGIDA-DORSALES-GT.png?resize=768%2C1087&amp;ssl=1 768w\" sizes=\"(max-width: 787px) 100vw, 787px\" data-attachment-id=\"8523\" data-permalink=\"https:\/\/galatzotrail.com\/ca\/recogida-dorsales-gt-2\/\" data-orig-file=\"https:\/\/i0.wp.com\/galatzotrail.com\/wp-content\/uploads\/2023\/06\/RECOGIDA-DORSALES-GT.png?fit=787%2C1114&amp;ssl=1\" data-orig-size=\"787,1114\" data-comments-opened=\"1\" data-image-meta=\"{&quot;aperture&quot;:&quot;0&quot;,&quot;credit&quot;:&quot;&quot;,&quot;camera&quot;:&quot;&quot;,&quot;caption&quot;:&quot;&quot;,&quot;created_timestamp&quot;:&quot;0&quot;,&quot;copyright&quot;:&quot;&quot;,&quot;focal_length&quot;:&quot;0&quot;,&quot;iso&quot;:&quot;0&quot;,&quot;shutter_speed&quot;:&quot;0&quot;,&quot;title&quot;:&quot;&quot;,&quot;orientation&quot;:&quot;0&quot;}\" data-image-title=\"RECOGIDA DORSALES-GT\" data-image-description=\"\" data-image-caption=\"\" data-large-file=\"https:\/\/i0.wp.com\/galatzotrail.com\/wp-content\/uploads\/2023\/06\/RECOGIDA-DORSALES-GT.png?fit=723%2C1024&amp;ssl=1\" \/><\/div>\r\n\t\t\t\t<div class=\"tab-text-container\">\r\n\t\t\t\t\t<h2 class=\"tab-title\">RECOGIDA DE DORSALES<\/h2><p class=\"tab-content\"><\/p>\n<h3>S\u00c1BADO 09 DE MARZO 2024 \u2013 DE 15 A 20 H<\/h3>\n<p><strong>RECOGIDA DE DORSALES GALATZ\u00d3 TRAIL<\/strong><\/p>\n<p>Los participantes en cualquiera de las dos distancias de Galatz\u00f3 trail (HALF, LEGEND) pueden pasar a recoger su kit de carrera que incluye: bolsa, dorsal chip, braga, etc.<\/p>\n<p><strong>Lugar:<\/strong> Palau municipal d\u2019esports de Calvi\u00e0 Melani Costa <a href=\"https:\/\/www.google.com\/maps\/dir\/\/palau+d'esports+calvia\/data=!4m6!4m5!1m1!4e2!1m2!1m1!1s0x12978a4bcecb9adb:0x76527120d9ddb6f0?sa=X&amp;ved=2ahUKEwj-opib2aH0AhWBzoUKHYcMD-oQ9Rd6BAhFEAU\">(mapa)<\/a><\/p><\/div>\r\n\t\t\t\t<\/div>\r\n\t\t\t\t<li class=\"tab-control-item\">\r\n\t\t\t\t\t<a href=\"#extab-69f3770f03e62\"><i class=\"iconsmind-Geo3-Number iconsmind-Maps-Locations\"><\/i>  RECOGIDA DE DORSALES<\/a>\r\n\t\t\t\t<\/li><div id=\"extab-69f3770f0702c\">\r\n\t\t\t\t<div class=\"tab-image-container\"><a href=\"#\" target=\"\"><img decoding=\"async\" width=\"1232\" height=\"1746\" src=\"https:\/\/i0.wp.com\/galatzotrail.com\/wp-content\/uploads\/2023\/06\/ES-GT2024-cartel.png?fit=1232%2C1746&amp;ssl=1\" class=\"attachment-full\" alt=\"\" title=\"ES - GT2024 cartel\" srcset=\"https:\/\/i0.wp.com\/galatzotrail.com\/wp-content\/uploads\/2023\/06\/ES-GT2024-cartel.png?w=1232&amp;ssl=1 1232w, https:\/\/i0.wp.com\/galatzotrail.com\/wp-content\/uploads\/2023\/06\/ES-GT2024-cartel.png?resize=212%2C300&amp;ssl=1 212w, https:\/\/i0.wp.com\/galatzotrail.com\/wp-content\/uploads\/2023\/06\/ES-GT2024-cartel.png?resize=723%2C1024&amp;ssl=1 723w, https:\/\/i0.wp.com\/galatzotrail.com\/wp-content\/uploads\/2023\/06\/ES-GT2024-cartel.png?resize=768%2C1088&amp;ssl=1 768w, https:\/\/i0.wp.com\/galatzotrail.com\/wp-content\/uploads\/2023\/06\/ES-GT2024-cartel.png?resize=1084%2C1536&amp;ssl=1 1084w, https:\/\/i0.wp.com\/galatzotrail.com\/wp-content\/uploads\/2023\/06\/ES-GT2024-cartel.png?resize=1200%2C1701&amp;ssl=1 1200w\" sizes=\"(max-width: 1000px) 100vw, 1000px\" data-attachment-id=\"8515\" data-permalink=\"https:\/\/galatzotrail.com\/ca\/es-gt2024-cartel-2\/\" data-orig-file=\"https:\/\/i0.wp.com\/galatzotrail.com\/wp-content\/uploads\/2023\/06\/ES-GT2024-cartel.png?fit=1232%2C1746&amp;ssl=1\" data-orig-size=\"1232,1746\" data-comments-opened=\"1\" data-image-meta=\"{&quot;aperture&quot;:&quot;0&quot;,&quot;credit&quot;:&quot;&quot;,&quot;camera&quot;:&quot;&quot;,&quot;caption&quot;:&quot;&quot;,&quot;created_timestamp&quot;:&quot;0&quot;,&quot;copyright&quot;:&quot;&quot;,&quot;focal_length&quot;:&quot;0&quot;,&quot;iso&quot;:&quot;0&quot;,&quot;shutter_speed&quot;:&quot;0&quot;,&quot;title&quot;:&quot;&quot;,&quot;orientation&quot;:&quot;0&quot;}\" data-image-title=\"ES &amp;#8211; GT2024 cartel\" data-image-description=\"\" data-image-caption=\"\" data-large-file=\"https:\/\/i0.wp.com\/galatzotrail.com\/wp-content\/uploads\/2023\/06\/ES-GT2024-cartel.png?fit=723%2C1024&amp;ssl=1\" \/><div class=\"ext-tab-overlay\">\r\n\t\t\t\t\t\t<div class=\"ext-tab-arrow\"><\/div>\r\n\t\t\t\t\t<\/div><\/a><\/div>\r\n\t\t\t\t<div class=\"tab-text-container\">\r\n\t\t\t\t\t<h2 class=\"tab-title\">DOMINGO 10 DE MARZO 2024<\/h2><p class=\"tab-content\"><\/p>\n<table class=\"default\">\n<tbody>\n<tr>\n<td>8:30h<\/td>\n<td><strong>SALIDA DE LA GALATZ\u00d3 LEGEND (43 KM)<\/strong><br \/>\nSalida: Es Capdell\u00e0<\/td>\n<\/tr>\n<tr>\n<td>10:00 h<\/td>\n<td><strong>SALIDA DE LA GALATZ\u00d3 HALF (23 KM)<\/strong><br \/>\nSalida: Es Capdell\u00e0<\/td>\n<\/tr>\n<tr>\n<td>11:50 h<\/td>\n<td><strong>LLEGADA A META 1R CLASIFICAD@ GALATZ\u00d3 HALF<\/strong><br \/>\n<strong>Lugar:<\/strong> Es Capdell\u00e0<\/td>\n<\/tr>\n<tr>\n<td>12:30 h<\/td>\n<td><strong>LLEGADA A META 1R CLASIFICAD@ GALATZ\u00d3 LEGEND<\/strong><br \/>\n<strong>Lugar:<\/strong> Es Capdell\u00e0<\/td>\n<\/tr>\n<tr>\n<td>16:00 h<\/td>\n<td><strong>ENTREGA DE PREMIOS GALATZ\u00d3 TRAIL<\/strong><\/p>\n<p><strong>Lugar:<\/strong> Es Capdell\u00e0<\/td>\n<\/tr>\n<tr>\n<td>18:00 h<\/td>\n<td><strong>CIERRE DE CARRERA GALATZ\u00d3 TRAIL<\/strong><\/p>\n<p><strong>Lugar:<\/strong> Es Capdell\u00e0<\/td>\n<\/tr>\n<\/tbody>\n<\/table>\n<p><\/p><\/div>\r\n\t\t\t\t<\/div>\r\n\t\t\t\t<li class=\"tab-control-item\">\r\n\t\t\t\t\t<a href=\"#extab-69f3770f0702c\"><i class=\"iconsmind-Running iconsmind-Sports\"><\/i>  DOMINGO 10 DE MARZO 2024<\/a>\r\n\t\t\t\t<\/li>\r\n\t\t\t\t<ul class=\"tab-controls\"><\/ul>\r\n\t\t\t<\/div>[\/vc_column][\/vc_row]<\/p>\n<\/section>","protected":false},"excerpt":{"rendered":"<p>[vc_row full_width=&#8221;stretch_row&#8221; content_placement=&#8221;middle&#8221; parallax=&#8221;content-moving&#8221; css=&#8221;.vc_custom_1686302360236{padding-top: 200px !important;padding-bottom: 170px !important;background: #000000 url(<a href=\"https:\/\/galatzotrail.com\/wp-content\/uploads\/2023\/06\/galatzoCC81-escapdella.jpg?id=7525\">https:\/\/galatzotrail.com\/wp-content\/uploads\/2023\/06\/galatzoCC81-escapdella.jpg?id=7525<\/a>);background-position: center;background-repeat: no-repeat !important;background-size: cover !important;}&#8221;][vc_column width=&#8221;1\/4&#8243; css=&#8221;.vc_custom_1511789287331{padding-top: 0px !important;}&#8221;][\/vc_column][vc_column [&hellip;]<\/p>\n","protected":false},"author":235573868,"featured_media":8367,"parent":0,"menu_order":0,"comment_status":"closed","ping_status":"closed","template":"","meta":{"_crdt_document":"","footnotes":""},"class_list":["post-8673","page","type-page","status-publish","has-post-thumbnail","hentry"],"yoast_head":"<!-- This site is optimized with the Yoast SEO plugin v27.5 - https:\/\/yoast.com\/product\/yoast-seo-wordpress\/ -->\n<title>Calendari | Galatz\u00f3 Trail<\/title>\n<meta name=\"robots\" content=\"index, follow, max-snippet:-1, max-image-preview:large, max-video-preview:-1\" \/>\n<link rel=\"canonical\" href=\"https:\/\/galatzotrail.com\/ca\/calendari\/\" \/>\n<meta property=\"og:locale\" content=\"ca_ES\" \/>\n<meta property=\"og:type\" content=\"article\" \/>\n<meta property=\"og:title\" content=\"Calendari | Galatz\u00f3 Trail\" \/>\n<meta property=\"og:description\" content=\"[vc_row full_width=&#8221;stretch_row&#8221; content_placement=&#8221;middle&#8221; parallax=&#8221;content-moving&#8221; css=&#8221;.vc_custom_1686302360236{padding-top: 200px !important;padding-bottom: 170px !important;background: #000000 url(https:\/\/galatzotrail.com\/wp-content\/uploads\/2023\/06\/galatzoCC81-escapdella.jpg?id=7525);background-position: center;background-repeat: no-repeat !important;background-size: cover !important;}&#8221;][vc_column width=&#8221;1\/4&#8243; css=&#8221;.vc_custom_1511789287331{padding-top: 0px !important;}&#8221;][\/vc_column][vc_column [&hellip;]\" \/>\n<meta property=\"og:url\" content=\"https:\/\/galatzotrail.com\/ca\/calendari\/\" \/>\n<meta property=\"og:site_name\" content=\"Galatz\u00f3 Trail\" \/>\n<meta property=\"article:publisher\" content=\"https:\/\/www.facebook.com\/galatzotrail\/\" \/>\n<meta property=\"article:modified_time\" content=\"2026-02-20T06:25:00+00:00\" \/>\n<meta property=\"og:image\" content=\"https:\/\/galatzotrail.com\/wp-content\/uploads\/2023\/05\/23base-color.png\" \/>\n\t<meta property=\"og:image:width\" content=\"1598\" \/>\n\t<meta property=\"og:image:height\" content=\"1577\" \/>\n\t<meta property=\"og:image:type\" content=\"image\/png\" \/>\n<meta name=\"twitter:card\" content=\"summary_large_image\" \/>\n<meta name=\"twitter:label1\" content=\"Temps estimat de lectura\" \/>\n\t<meta name=\"twitter:data1\" content=\"10 minuts\" \/>\n<script type=\"application\/ld+json\" class=\"yoast-schema-graph\">{\"@context\":\"https:\\\/\\\/schema.org\",\"@graph\":[{\"@type\":\"WebPage\",\"@id\":\"https:\\\/\\\/galatzotrail.com\\\/ca\\\/calendari\\\/\",\"url\":\"https:\\\/\\\/galatzotrail.com\\\/ca\\\/calendari\\\/\",\"name\":\"Calendari | Galatz\u00f3 Trail\",\"isPartOf\":{\"@id\":\"https:\\\/\\\/galatzotrail.com\\\/ca\\\/#website\"},\"primaryImageOfPage\":{\"@id\":\"https:\\\/\\\/galatzotrail.com\\\/ca\\\/calendari\\\/#primaryimage\"},\"image\":{\"@id\":\"https:\\\/\\\/galatzotrail.com\\\/ca\\\/calendari\\\/#primaryimage\"},\"thumbnailUrl\":\"https:\\\/\\\/i0.wp.com\\\/galatzotrail.com\\\/wp-content\\\/uploads\\\/2023\\\/05\\\/23base-color.png?fit=1598%2C1577&ssl=1\",\"datePublished\":\"2023-06-09T08:32:12+00:00\",\"dateModified\":\"2026-02-20T06:25:00+00:00\",\"breadcrumb\":{\"@id\":\"https:\\\/\\\/galatzotrail.com\\\/ca\\\/calendari\\\/#breadcrumb\"},\"inLanguage\":\"ca\",\"potentialAction\":[{\"@type\":\"ReadAction\",\"target\":[\"https:\\\/\\\/galatzotrail.com\\\/ca\\\/calendari\\\/\"]}]},{\"@type\":\"ImageObject\",\"inLanguage\":\"ca\",\"@id\":\"https:\\\/\\\/galatzotrail.com\\\/ca\\\/calendari\\\/#primaryimage\",\"url\":\"https:\\\/\\\/i0.wp.com\\\/galatzotrail.com\\\/wp-content\\\/uploads\\\/2023\\\/05\\\/23base-color.png?fit=1598%2C1577&ssl=1\",\"contentUrl\":\"https:\\\/\\\/i0.wp.com\\\/galatzotrail.com\\\/wp-content\\\/uploads\\\/2023\\\/05\\\/23base-color.png?fit=1598%2C1577&ssl=1\",\"width\":1598,\"height\":1577},{\"@type\":\"BreadcrumbList\",\"@id\":\"https:\\\/\\\/galatzotrail.com\\\/ca\\\/calendari\\\/#breadcrumb\",\"itemListElement\":[{\"@type\":\"ListItem\",\"position\":1,\"name\":\"Portada\",\"item\":\"https:\\\/\\\/galatzotrail.com\\\/ca\\\/\"},{\"@type\":\"ListItem\",\"position\":2,\"name\":\"Calendari\"}]},{\"@type\":\"WebSite\",\"@id\":\"https:\\\/\\\/galatzotrail.com\\\/ca\\\/#website\",\"url\":\"https:\\\/\\\/galatzotrail.com\\\/ca\\\/\",\"name\":\"Galatz\u00f3 Trail\",\"description\":\"Mallorca Trail Mountain Marathon. 43 o 23 km de puro trail running en una de las monta\u00f1as m\u00e1s m\u00edticas de Mallorca: el puig de Galatz\u00f3, en Calvi\u00e0.\",\"publisher\":{\"@id\":\"https:\\\/\\\/galatzotrail.com\\\/ca\\\/#organization\"},\"potentialAction\":[{\"@type\":\"SearchAction\",\"target\":{\"@type\":\"EntryPoint\",\"urlTemplate\":\"https:\\\/\\\/galatzotrail.com\\\/ca\\\/?s={search_term_string}\"},\"query-input\":{\"@type\":\"PropertyValueSpecification\",\"valueRequired\":true,\"valueName\":\"search_term_string\"}}],\"inLanguage\":\"ca\"},{\"@type\":\"Organization\",\"@id\":\"https:\\\/\\\/galatzotrail.com\\\/ca\\\/#organization\",\"name\":\"Galatz\u00f3 Trail\",\"alternateName\":\"Fundaci\u00f3n Calvi\u00e0 2004\",\"url\":\"https:\\\/\\\/galatzotrail.com\\\/ca\\\/\",\"logo\":{\"@type\":\"ImageObject\",\"inLanguage\":\"ca\",\"@id\":\"https:\\\/\\\/galatzotrail.com\\\/ca\\\/#\\\/schema\\\/logo\\\/image\\\/\",\"url\":\"https:\\\/\\\/i0.wp.com\\\/galatzotrail.com\\\/wp-content\\\/uploads\\\/2023\\\/05\\\/logo-galatzo-trail-fondo-blanco.png?fit=4525%2C3073&ssl=1\",\"contentUrl\":\"https:\\\/\\\/i0.wp.com\\\/galatzotrail.com\\\/wp-content\\\/uploads\\\/2023\\\/05\\\/logo-galatzo-trail-fondo-blanco.png?fit=4525%2C3073&ssl=1\",\"width\":4525,\"height\":3073,\"caption\":\"Galatz\u00f3 Trail\"},\"image\":{\"@id\":\"https:\\\/\\\/galatzotrail.com\\\/ca\\\/#\\\/schema\\\/logo\\\/image\\\/\"},\"sameAs\":[\"https:\\\/\\\/www.facebook.com\\\/galatzotrail\\\/\",\"https:\\\/\\\/www.instagram.com\\\/galatzotrail\\\/?hl=es\"]}]}<\/script>\n<!-- \/ Yoast SEO plugin. -->","yoast_head_json":{"title":"Calendari | Galatz\u00f3 Trail","robots":{"index":"index","follow":"follow","max-snippet":"max-snippet:-1","max-image-preview":"max-image-preview:large","max-video-preview":"max-video-preview:-1"},"canonical":"https:\/\/galatzotrail.com\/ca\/calendari\/","og_locale":"ca_ES","og_type":"article","og_title":"Calendari | Galatz\u00f3 Trail","og_description":"[vc_row full_width=&#8221;stretch_row&#8221; content_placement=&#8221;middle&#8221; parallax=&#8221;content-moving&#8221; css=&#8221;.vc_custom_1686302360236{padding-top: 200px !important;padding-bottom: 170px !important;background: #000000 url(https:\/\/galatzotrail.com\/wp-content\/uploads\/2023\/06\/galatzoCC81-escapdella.jpg?id=7525);background-position: center;background-repeat: no-repeat !important;background-size: cover !important;}&#8221;][vc_column width=&#8221;1\/4&#8243; css=&#8221;.vc_custom_1511789287331{padding-top: 0px !important;}&#8221;][\/vc_column][vc_column [&hellip;]","og_url":"https:\/\/galatzotrail.com\/ca\/calendari\/","og_site_name":"Galatz\u00f3 Trail","article_publisher":"https:\/\/www.facebook.com\/galatzotrail\/","article_modified_time":"2026-02-20T06:25:00+00:00","og_image":[{"width":1598,"height":1577,"url":"https:\/\/galatzotrail.com\/wp-content\/uploads\/2023\/05\/23base-color.png","type":"image\/png"}],"twitter_card":"summary_large_image","twitter_misc":{"Temps estimat de lectura":"10 minuts"},"schema":{"@context":"https:\/\/schema.org","@graph":[{"@type":"WebPage","@id":"https:\/\/galatzotrail.com\/ca\/calendari\/","url":"https:\/\/galatzotrail.com\/ca\/calendari\/","name":"Calendari | Galatz\u00f3 Trail","isPartOf":{"@id":"https:\/\/galatzotrail.com\/ca\/#website"},"primaryImageOfPage":{"@id":"https:\/\/galatzotrail.com\/ca\/calendari\/#primaryimage"},"image":{"@id":"https:\/\/galatzotrail.com\/ca\/calendari\/#primaryimage"},"thumbnailUrl":"https:\/\/i0.wp.com\/galatzotrail.com\/wp-content\/uploads\/2023\/05\/23base-color.png?fit=1598%2C1577&ssl=1","datePublished":"2023-06-09T08:32:12+00:00","dateModified":"2026-02-20T06:25:00+00:00","breadcrumb":{"@id":"https:\/\/galatzotrail.com\/ca\/calendari\/#breadcrumb"},"inLanguage":"ca","potentialAction":[{"@type":"ReadAction","target":["https:\/\/galatzotrail.com\/ca\/calendari\/"]}]},{"@type":"ImageObject","inLanguage":"ca","@id":"https:\/\/galatzotrail.com\/ca\/calendari\/#primaryimage","url":"https:\/\/i0.wp.com\/galatzotrail.com\/wp-content\/uploads\/2023\/05\/23base-color.png?fit=1598%2C1577&ssl=1","contentUrl":"https:\/\/i0.wp.com\/galatzotrail.com\/wp-content\/uploads\/2023\/05\/23base-color.png?fit=1598%2C1577&ssl=1","width":1598,"height":1577},{"@type":"BreadcrumbList","@id":"https:\/\/galatzotrail.com\/ca\/calendari\/#breadcrumb","itemListElement":[{"@type":"ListItem","position":1,"name":"Portada","item":"https:\/\/galatzotrail.com\/ca\/"},{"@type":"ListItem","position":2,"name":"Calendari"}]},{"@type":"WebSite","@id":"https:\/\/galatzotrail.com\/ca\/#website","url":"https:\/\/galatzotrail.com\/ca\/","name":"Galatz\u00f3 Trail","description":"Mallorca Trail Mountain Marathon. 43 o 23 km de puro trail running en una de las monta\u00f1as m\u00e1s m\u00edticas de Mallorca: el puig de Galatz\u00f3, en Calvi\u00e0.","publisher":{"@id":"https:\/\/galatzotrail.com\/ca\/#organization"},"potentialAction":[{"@type":"SearchAction","target":{"@type":"EntryPoint","urlTemplate":"https:\/\/galatzotrail.com\/ca\/?s={search_term_string}"},"query-input":{"@type":"PropertyValueSpecification","valueRequired":true,"valueName":"search_term_string"}}],"inLanguage":"ca"},{"@type":"Organization","@id":"https:\/\/galatzotrail.com\/ca\/#organization","name":"Galatz\u00f3 Trail","alternateName":"Fundaci\u00f3n Calvi\u00e0 2004","url":"https:\/\/galatzotrail.com\/ca\/","logo":{"@type":"ImageObject","inLanguage":"ca","@id":"https:\/\/galatzotrail.com\/ca\/#\/schema\/logo\/image\/","url":"https:\/\/i0.wp.com\/galatzotrail.com\/wp-content\/uploads\/2023\/05\/logo-galatzo-trail-fondo-blanco.png?fit=4525%2C3073&ssl=1","contentUrl":"https:\/\/i0.wp.com\/galatzotrail.com\/wp-content\/uploads\/2023\/05\/logo-galatzo-trail-fondo-blanco.png?fit=4525%2C3073&ssl=1","width":4525,"height":3073,"caption":"Galatz\u00f3 Trail"},"image":{"@id":"https:\/\/galatzotrail.com\/ca\/#\/schema\/logo\/image\/"},"sameAs":["https:\/\/www.facebook.com\/galatzotrail\/","https:\/\/www.instagram.com\/galatzotrail\/?hl=es"]}]}},"jetpack_likes_enabled":true,"jetpack_sharing_enabled":true,"jetpack_shortlink":"https:\/\/wp.me\/PeQ9AI-2fT","jetpack-related-posts":[],"_links":{"self":[{"href":"https:\/\/galatzotrail.com\/ca\/wp-json\/wp\/v2\/pages\/8673","targetHints":{"allow":["GET"]}}],"collection":[{"href":"https:\/\/galatzotrail.com\/ca\/wp-json\/wp\/v2\/pages"}],"about":[{"href":"https:\/\/galatzotrail.com\/ca\/wp-json\/wp\/v2\/types\/page"}],"author":[{"embeddable":true,"href":"https:\/\/galatzotrail.com\/ca\/wp-json\/wp\/v2\/users\/235573868"}],"replies":[{"embeddable":true,"href":"https:\/\/galatzotrail.com\/ca\/wp-json\/wp\/v2\/comments?post=8673"}],"version-history":[{"count":31,"href":"https:\/\/galatzotrail.com\/ca\/wp-json\/wp\/v2\/pages\/8673\/revisions"}],"predecessor-version":[{"id":11094,"href":"https:\/\/galatzotrail.com\/ca\/wp-json\/wp\/v2\/pages\/8673\/revisions\/11094"}],"wp:featuredmedia":[{"embeddable":true,"href":"https:\/\/galatzotrail.com\/ca\/wp-json\/wp\/v2\/media\/8367"}],"wp:attachment":[{"href":"https:\/\/galatzotrail.com\/ca\/wp-json\/wp\/v2\/media?parent=8673"}],"curies":[{"name":"wp","href":"https:\/\/api.w.org\/{rel}","templated":true}]}}