{"id":10288,"date":"2025-01-30T07:42:32","date_gmt":"2025-01-30T06:42:32","guid":{"rendered":"https:\/\/galatzotrail.com\/?page_id=10288"},"modified":"2025-01-30T10:17:37","modified_gmt":"2025-01-30T09:17:37","slug":"tribe-collaborado","status":"publish","type":"page","link":"https:\/\/galatzotrail.com\/ca\/tribe-collaborado\/","title":{"rendered":"Tribe"},"content":{"rendered":"<section class=\"wpb-content-wrapper\"><p>[vc_row full_width=&#8221;stretch_row&#8221; full_height=&#8221;yes&#8221; content_placement=&#8221;top&#8221; css=&#8221;.vc_custom_1738158093939{margin-right: 15px !important;padding-top: 230px !important;padding-bottom: 250px !important;background-image: url(<a href=\"https:\/\/galatzotrail.com\/wp-content\/uploads\/2023\/06\/Galatzo-Trail-ODS.jpg?id=8212\">https:\/\/galatzotrail.com\/wp-content\/uploads\/2023\/06\/Galatzo-Trail-ODS.jpg?id=8212<\/a>) !important;background-position: center !important;background-repeat: no-repeat !important;background-size: cover !important;}&#8221;][vc_column width=&#8221;1\/2&#8243; css=&#8221;.vc_custom_1686832760160{padding-top: 5px !important;padding-right: 50px !important;padding-bottom: 30px !important;padding-left: 50px !important;background-color: #ffffff !important;border-radius: 10px !important;}&#8221; offset=&#8221;vc_col-lg-6 vc_col-md-12&#8243;][vc_empty_space height=&#8221;20px&#8221;][vc_single_image image=&#8221;10244&#8243; img_size=&#8221;medium&#8221; alignment=&#8221;center&#8221;][vc_empty_space height=&#8221;20px&#8221;]<header class=\"kd-section-title col-lg-12 text-center  kd-animated fadeIn  \" data-animation-delay=200><h2 class=\"separator_off\" style=\"color: #000000;\">TRIBE CONCEPT COL\u00b7LABORADOR DE GALATZ\u00d3 TRAIL 2025<\/h2><h4 class=\"subtitle subtitle-text-underline\" style=\"color: #000000;\">La botiga d'esports de refer\u00e8ncia a Palma demostra una vegada m\u00e9s, el seu suport a les competicions esportives, i en concret a les carreres per muntanya<\/h4><\/header>[vc_column_text]La col\u00b7laboraci\u00f3 de la botiga d&#8217;esports <strong><a href=\"https:\/\/thetribeconcept.com\/es\/\">TRIBE CONCEPT<\/a> <\/strong>en Galatz\u00f3 Trail en 2025 ser\u00e0 determinant per a facilitar alguns serveis a les persones que participen en la carrera. L&#8217;acord, permetr\u00e0 a l&#8217;organitzaci\u00f3 comptar amb un NOU PUNT DE RECOLLIDA DE DORSALS, en la seva seu de Palma, dies abans de l&#8217;esdeveniment.<\/p>\n<p>TRIBE CONCEPT<\/p>\n<p>A m\u00e9s, TRIBE CONCEPT oferir\u00e0 un VAL de 25 \u20ac a la seva botiga a totes les persones participants en l&#8217;esdeveniment.<\/p>\n<p>&nbsp;<\/p>\n<p>A m\u00e9s, <strong>TRIBE CONCEPT oferir\u00e0 un VAL de 25 \u20ac a la seva botiga a totes les persones participants en l&#8217;esdeveniment..<\/strong><\/p>\n<p>Des de l&#8217;organitzaci\u00f3 de GALATZ\u00d3 TRAIL es valora molt positivament l&#8217;acord, ja que les accions que s&#8217;inclouen impacten de manera positiva i directa en l&#8217;experi\u00e8ncia de les persones participants i permet vincular la imatge de dues marques que treballen des de fa anys per l&#8217;impuls de l&#8217;esport.<\/p>\n<h3>DETALLS DE L&#8217;ACORD<\/h3>\n<p><strong>TRIBE PUNT DE RECOLLIDA DE DORSALS:<\/strong> les persones participants podran recollir dorsals en TRIBE els dies 5 i 6 de mar\u00e7, en horari de 10 a 14 i de 16 a 20 h, sempre que hagin reservat abans <a href=\"https:\/\/forms.gle\/5cvfiwySdYdVnv9M6\">cita de recollida<\/a>.<\/p>\n<p><strong>VAL DE 25 \u20ac EN\u00a0TRIBE:<\/strong> les persones participants rebran amb el seu KIT d&#8217;inscripci\u00f3 una <strong>MEDALLA RECICLADA DE\u00a0GT<\/strong>\u00a0que servir\u00e0 com a VAL DE 25 \u20ac per a utilitzar a la botiga\u00a0TRIBE\u00a0des de la recepci\u00f3 fins el pr\u00f2xim dia <strong>30 d&#8217;abril de 2025<\/strong>. Les condicions per a canviar el val s\u00f3n les seg\u00fcents:<br \/>\n1.- Val <strong>no reemborsable<\/strong> en efectiu<br \/>\n2.- Val <strong>no acumulable<\/strong> a altres promocions<br \/>\n3.- Val canviable per un <strong>consum m\u00ednim de 100 \u20ac<\/strong>[\/vc_column_text][vc_btn title=&#8221;TRIBE CONCEPT&#8221; color=&#8221;black&#8221; align=&#8221;left&#8221; link=&#8221;url:https%3A%2F%2Fthetribeconcept.com%2Fes%2F&#8221;][\/vc_column][vc_column width=&#8221;1\/12&#8243;][\/vc_column][vc_column width=&#8221;5\/12&#8243; css=&#8221;.vc_custom_1687163496179{padding-top: 15px !important;padding-right: 50px !important;padding-bottom: 30px !important;padding-left: 50px !important;}&#8221; offset=&#8221;vc_col-lg-5 vc_col-md-12&#8243; el_class=&#8221;with-shadow&#8221;][\/vc_column][\/vc_row]<\/p>\n<\/section>","protected":false},"excerpt":{"rendered":"<p>[vc_row full_width=&#8221;stretch_row&#8221; full_height=&#8221;yes&#8221; content_placement=&#8221;top&#8221; css=&#8221;.vc_custom_1738158093939{margin-right: 15px !important;padding-top: 230px !important;padding-bottom: 250px !important;background-image: url(<a href=\"https:\/\/galatzotrail.com\/wp-content\/uploads\/2023\/06\/Galatzo-Trail-ODS.jpg?id=8212\">https:\/\/galatzotrail.com\/wp-content\/uploads\/2023\/06\/Galatzo-Trail-ODS.jpg?id=8212<\/a>) !important;background-position: center !important;background-repeat: no-repeat !important;background-size: cover !important;}&#8221;][vc_column width=&#8221;1\/2&#8243; [&hellip;]<\/p>\n","protected":false},"author":235573868,"featured_media":0,"parent":0,"menu_order":0,"comment_status":"closed","ping_status":"closed","template":"","meta":{"_crdt_document":"","footnotes":""},"class_list":["post-10288","page","type-page","status-publish","hentry"],"yoast_head":"<!-- This site is optimized with the Yoast SEO plugin v27.5 - https:\/\/yoast.com\/product\/yoast-seo-wordpress\/ -->\n<title>Tribe | Galatz\u00f3 Trail<\/title>\n<meta name=\"description\" content=\"TRIBE CONCEPT La botiga d&#039;esports de Palma col\u00b7laborador de GALATZ\u00d3 TRAIL 2025 amb diverses accions de suport a la cursa.\" \/>\n<meta name=\"robots\" content=\"index, follow, max-snippet:-1, max-image-preview:large, max-video-preview:-1\" \/>\n<link rel=\"canonical\" href=\"https:\/\/galatzotrail.com\/ca\/tribe-collaborado\/\" \/>\n<meta property=\"og:locale\" content=\"ca_ES\" \/>\n<meta property=\"og:type\" content=\"article\" \/>\n<meta property=\"og:title\" content=\"Tribe | Galatz\u00f3 Trail\" \/>\n<meta property=\"og:description\" content=\"TRIBE CONCEPT La botiga d&#039;esports de Palma col\u00b7laborador de GALATZ\u00d3 TRAIL 2025 amb diverses accions de suport a la cursa.\" \/>\n<meta property=\"og:url\" content=\"https:\/\/galatzotrail.com\/ca\/tribe-collaborado\/\" \/>\n<meta property=\"og:site_name\" content=\"Galatz\u00f3 Trail\" \/>\n<meta property=\"article:publisher\" content=\"https:\/\/www.facebook.com\/galatzotrail\/\" \/>\n<meta property=\"article:modified_time\" content=\"2025-01-30T09:17:37+00:00\" \/>\n<meta name=\"twitter:card\" content=\"summary_large_image\" \/>\n<meta name=\"twitter:label1\" content=\"Temps estimat de lectura\" \/>\n\t<meta name=\"twitter:data1\" content=\"2 minuts\" \/>\n<script type=\"application\/ld+json\" class=\"yoast-schema-graph\">{\"@context\":\"https:\\\/\\\/schema.org\",\"@graph\":[{\"@type\":\"WebPage\",\"@id\":\"https:\\\/\\\/galatzotrail.com\\\/ca\\\/tribe-collaborado\\\/\",\"url\":\"https:\\\/\\\/galatzotrail.com\\\/ca\\\/tribe-collaborado\\\/\",\"name\":\"Tribe | Galatz\u00f3 Trail\",\"isPartOf\":{\"@id\":\"https:\\\/\\\/galatzotrail.com\\\/ca\\\/#website\"},\"datePublished\":\"2025-01-30T06:42:32+00:00\",\"dateModified\":\"2025-01-30T09:17:37+00:00\",\"description\":\"TRIBE CONCEPT La botiga d'esports de Palma col\u00b7laborador de GALATZ\u00d3 TRAIL 2025 amb diverses accions de suport a la cursa.\",\"breadcrumb\":{\"@id\":\"https:\\\/\\\/galatzotrail.com\\\/ca\\\/tribe-collaborado\\\/#breadcrumb\"},\"inLanguage\":\"ca\",\"potentialAction\":[{\"@type\":\"ReadAction\",\"target\":[\"https:\\\/\\\/galatzotrail.com\\\/ca\\\/tribe-collaborado\\\/\"]}]},{\"@type\":\"BreadcrumbList\",\"@id\":\"https:\\\/\\\/galatzotrail.com\\\/ca\\\/tribe-collaborado\\\/#breadcrumb\",\"itemListElement\":[{\"@type\":\"ListItem\",\"position\":1,\"name\":\"Portada\",\"item\":\"https:\\\/\\\/galatzotrail.com\\\/ca\\\/\"},{\"@type\":\"ListItem\",\"position\":2,\"name\":\"Tribe\"}]},{\"@type\":\"WebSite\",\"@id\":\"https:\\\/\\\/galatzotrail.com\\\/ca\\\/#website\",\"url\":\"https:\\\/\\\/galatzotrail.com\\\/ca\\\/\",\"name\":\"Galatz\u00f3 Trail\",\"description\":\"Mallorca Trail Mountain Marathon. 43 o 23 km de puro trail running en una de las monta\u00f1as m\u00e1s m\u00edticas de Mallorca: el puig de Galatz\u00f3, en Calvi\u00e0.\",\"publisher\":{\"@id\":\"https:\\\/\\\/galatzotrail.com\\\/ca\\\/#organization\"},\"potentialAction\":[{\"@type\":\"SearchAction\",\"target\":{\"@type\":\"EntryPoint\",\"urlTemplate\":\"https:\\\/\\\/galatzotrail.com\\\/ca\\\/?s={search_term_string}\"},\"query-input\":{\"@type\":\"PropertyValueSpecification\",\"valueRequired\":true,\"valueName\":\"search_term_string\"}}],\"inLanguage\":\"ca\"},{\"@type\":\"Organization\",\"@id\":\"https:\\\/\\\/galatzotrail.com\\\/ca\\\/#organization\",\"name\":\"Galatz\u00f3 Trail\",\"alternateName\":\"Fundaci\u00f3n Calvi\u00e0 2004\",\"url\":\"https:\\\/\\\/galatzotrail.com\\\/ca\\\/\",\"logo\":{\"@type\":\"ImageObject\",\"inLanguage\":\"ca\",\"@id\":\"https:\\\/\\\/galatzotrail.com\\\/ca\\\/#\\\/schema\\\/logo\\\/image\\\/\",\"url\":\"https:\\\/\\\/i0.wp.com\\\/galatzotrail.com\\\/wp-content\\\/uploads\\\/2023\\\/05\\\/logo-galatzo-trail-fondo-blanco.png?fit=4525%2C3073&ssl=1\",\"contentUrl\":\"https:\\\/\\\/i0.wp.com\\\/galatzotrail.com\\\/wp-content\\\/uploads\\\/2023\\\/05\\\/logo-galatzo-trail-fondo-blanco.png?fit=4525%2C3073&ssl=1\",\"width\":4525,\"height\":3073,\"caption\":\"Galatz\u00f3 Trail\"},\"image\":{\"@id\":\"https:\\\/\\\/galatzotrail.com\\\/ca\\\/#\\\/schema\\\/logo\\\/image\\\/\"},\"sameAs\":[\"https:\\\/\\\/www.facebook.com\\\/galatzotrail\\\/\",\"https:\\\/\\\/www.instagram.com\\\/galatzotrail\\\/?hl=es\"]}]}<\/script>\n<!-- \/ Yoast SEO plugin. -->","yoast_head_json":{"title":"Tribe | Galatz\u00f3 Trail","description":"TRIBE CONCEPT La botiga d'esports de Palma col\u00b7laborador de GALATZ\u00d3 TRAIL 2025 amb diverses accions de suport a la cursa.","robots":{"index":"index","follow":"follow","max-snippet":"max-snippet:-1","max-image-preview":"max-image-preview:large","max-video-preview":"max-video-preview:-1"},"canonical":"https:\/\/galatzotrail.com\/ca\/tribe-collaborado\/","og_locale":"ca_ES","og_type":"article","og_title":"Tribe | Galatz\u00f3 Trail","og_description":"TRIBE CONCEPT La botiga d'esports de Palma col\u00b7laborador de GALATZ\u00d3 TRAIL 2025 amb diverses accions de suport a la cursa.","og_url":"https:\/\/galatzotrail.com\/ca\/tribe-collaborado\/","og_site_name":"Galatz\u00f3 Trail","article_publisher":"https:\/\/www.facebook.com\/galatzotrail\/","article_modified_time":"2025-01-30T09:17:37+00:00","twitter_card":"summary_large_image","twitter_misc":{"Temps estimat de lectura":"2 minuts"},"schema":{"@context":"https:\/\/schema.org","@graph":[{"@type":"WebPage","@id":"https:\/\/galatzotrail.com\/ca\/tribe-collaborado\/","url":"https:\/\/galatzotrail.com\/ca\/tribe-collaborado\/","name":"Tribe | Galatz\u00f3 Trail","isPartOf":{"@id":"https:\/\/galatzotrail.com\/ca\/#website"},"datePublished":"2025-01-30T06:42:32+00:00","dateModified":"2025-01-30T09:17:37+00:00","description":"TRIBE CONCEPT La botiga d'esports de Palma col\u00b7laborador de GALATZ\u00d3 TRAIL 2025 amb diverses accions de suport a la cursa.","breadcrumb":{"@id":"https:\/\/galatzotrail.com\/ca\/tribe-collaborado\/#breadcrumb"},"inLanguage":"ca","potentialAction":[{"@type":"ReadAction","target":["https:\/\/galatzotrail.com\/ca\/tribe-collaborado\/"]}]},{"@type":"BreadcrumbList","@id":"https:\/\/galatzotrail.com\/ca\/tribe-collaborado\/#breadcrumb","itemListElement":[{"@type":"ListItem","position":1,"name":"Portada","item":"https:\/\/galatzotrail.com\/ca\/"},{"@type":"ListItem","position":2,"name":"Tribe"}]},{"@type":"WebSite","@id":"https:\/\/galatzotrail.com\/ca\/#website","url":"https:\/\/galatzotrail.com\/ca\/","name":"Galatz\u00f3 Trail","description":"Mallorca Trail Mountain Marathon. 43 o 23 km de puro trail running en una de las monta\u00f1as m\u00e1s m\u00edticas de Mallorca: el puig de Galatz\u00f3, en Calvi\u00e0.","publisher":{"@id":"https:\/\/galatzotrail.com\/ca\/#organization"},"potentialAction":[{"@type":"SearchAction","target":{"@type":"EntryPoint","urlTemplate":"https:\/\/galatzotrail.com\/ca\/?s={search_term_string}"},"query-input":{"@type":"PropertyValueSpecification","valueRequired":true,"valueName":"search_term_string"}}],"inLanguage":"ca"},{"@type":"Organization","@id":"https:\/\/galatzotrail.com\/ca\/#organization","name":"Galatz\u00f3 Trail","alternateName":"Fundaci\u00f3n Calvi\u00e0 2004","url":"https:\/\/galatzotrail.com\/ca\/","logo":{"@type":"ImageObject","inLanguage":"ca","@id":"https:\/\/galatzotrail.com\/ca\/#\/schema\/logo\/image\/","url":"https:\/\/i0.wp.com\/galatzotrail.com\/wp-content\/uploads\/2023\/05\/logo-galatzo-trail-fondo-blanco.png?fit=4525%2C3073&ssl=1","contentUrl":"https:\/\/i0.wp.com\/galatzotrail.com\/wp-content\/uploads\/2023\/05\/logo-galatzo-trail-fondo-blanco.png?fit=4525%2C3073&ssl=1","width":4525,"height":3073,"caption":"Galatz\u00f3 Trail"},"image":{"@id":"https:\/\/galatzotrail.com\/ca\/#\/schema\/logo\/image\/"},"sameAs":["https:\/\/www.facebook.com\/galatzotrail\/","https:\/\/www.instagram.com\/galatzotrail\/?hl=es"]}]}},"jetpack_likes_enabled":true,"jetpack_sharing_enabled":true,"jetpack_shortlink":"https:\/\/wp.me\/PeQ9AI-2FW","jetpack-related-posts":[],"_links":{"self":[{"href":"https:\/\/galatzotrail.com\/ca\/wp-json\/wp\/v2\/pages\/10288","targetHints":{"allow":["GET"]}}],"collection":[{"href":"https:\/\/galatzotrail.com\/ca\/wp-json\/wp\/v2\/pages"}],"about":[{"href":"https:\/\/galatzotrail.com\/ca\/wp-json\/wp\/v2\/types\/page"}],"author":[{"embeddable":true,"href":"https:\/\/galatzotrail.com\/ca\/wp-json\/wp\/v2\/users\/235573868"}],"replies":[{"embeddable":true,"href":"https:\/\/galatzotrail.com\/ca\/wp-json\/wp\/v2\/comments?post=10288"}],"version-history":[{"count":6,"href":"https:\/\/galatzotrail.com\/ca\/wp-json\/wp\/v2\/pages\/10288\/revisions"}],"predecessor-version":[{"id":10301,"href":"https:\/\/galatzotrail.com\/ca\/wp-json\/wp\/v2\/pages\/10288\/revisions\/10301"}],"wp:attachment":[{"href":"https:\/\/galatzotrail.com\/ca\/wp-json\/wp\/v2\/media?parent=10288"}],"curies":[{"name":"wp","href":"https:\/\/api.w.org\/{rel}","templated":true}]}}